{"id":14913,"date":"2026-04-14T14:43:31","date_gmt":"2026-04-14T12:43:31","guid":{"rendered":"https:\/\/fifes.org\/evenement\/vincent-kulesza-photo-exhibition\/"},"modified":"2026-05-01T19:40:26","modified_gmt":"2026-05-01T17:40:26","slug":"vincent-kulesza-photo-exhibition","status":"publish","type":"tribe_events","link":"https:\/\/fifes.org\/en\/evenement\/vincent-kulesza-photo-exhibition\/","title":{"rendered":"Vincent Kulesza photo exhibition"},"content":{"rendered":"<p><div class=\"et_d4_element et_pb_section et_pb_section_0  et_pb_css_mix_blend_mode et_section_regular et_block_section\" >\n\t\t\t\t\n\t\t\t\t\n\t\t\t\t\n\t\t\t\t\n\t\t\t\t\n\t\t\t\t\n\t\t\t\t<div class=\"et_d4_element et_pb_row et_pb_row_0  et_pb_css_mix_blend_mode et_block_row\">\n\t\t\t\t<div class=\"et_d4_element et_pb_column_4_4 et_pb_column et_pb_column_0  et_pb_css_mix_blend_mode et-last-child et_block_column\">\n\t\t\t\t\n\t\t\t\t\n\t\t\t\t\n\t\t\t\t\n\t\t\t\t<div class=\"et_pb_module et_d4_element et_pb_text et_pb_text_0  et_pb_text_align_left et_pb_bg_layout_light\">\n\t\t\t\t\n\t\t\t\t\n\t\t\t\t\n\t\t\t\t\n\t\t\t\t<div class=\"et_pb_text_inner\"><p>Opening May 27 at 17:00<\/p>\n<p><strong>Free admission<\/strong><\/p>\n<p>Vincent is a naturalist, lecturer and photographic artist, a poet avid for the beautiful, the rare and the stolen moment. Nature is the source of his inspiration, but he does not disdain human nature. His motto: \"To seek nothing is to find everything!\"<br \/>\nFormerly head of the water and climate change department at SCP (Soci\u00e9t\u00e9 du Canal de Provence), Vincent ended his career as a forestry engineer, expert naturalist and flora-fauna trainer. Initiator and co-author of the M\u00e9mento de la flore prot\u00e9g\u00e9e des Alpes-Maritimes (1st edition 1989, republished in 2010), he has also worked as a naturalist guide.<br \/>\nHe has given over 770 lectures in France, Italy and Poland, where he presents slide shows of his photos with live commentary and no text - \"it's all in the image\".<br \/>\nBetween geology, mineralogy, speleology and paleontology, his slide shows illustrate the beauty of Europe's natural spaces and raise awareness of their preservation.<\/p><\/div>\n\t\t\t<\/div>\n\t\t\t<\/div>\n\t\t\t\t\n\t\t\t\t\n\t\t\t\t\n\t\t\t\t\n\t\t\t<\/div>\n\t\t\t\t\n\t\t\t\t\n\t\t\t<\/div>1a8dc3a7e9d0fb6284d2b170b753766998f253ce9cdb4507e97cb627bb660646<\/p>\n","protected":false},"excerpt":{"rendered":"<p>1a8dc3a7e9d0fb6284d2b170b753766998f253ce9cdb4507e97cb627bb660646<\/p>\n","protected":false},"author":11,"featured_media":14915,"template":"","meta":{"_price":"","_stock":"","_tribe_ticket_header":"","_tribe_default_ticket_provider":"Tribe__Tickets_Plus__Commerce__WooCommerce__Main","_tribe_ticket_capacity":"0","_ticket_start_date":"","_ticket_end_date":"","_tribe_ticket_show_description":"","_tribe_ticket_show_not_going":false,"_tribe_ticket_use_global_stock":"","_tribe_ticket_global_stock_level":"","_global_stock_mode":"","_global_stock_cap":"","_tribe_rsvp_for_event":"","_tribe_ticket_going_count":"","_tribe_ticket_not_going_count":"","_tribe_tickets_list":"[{\"id\":15223,\"type\":\"series_pass\",\"title\":\"Pass 2026 - full price - FIFES 2026\",\"description\":\"Access to all 17 screenings + workshops.\",\"capacityType\":\"global\",\"price\":55,\"capacity\":440,\"available\":440,\"sharedCapacity\":440,\"sold\":0,\"shareSold\":0,\"isShared\":true,\"currencyDecimalPoint\":\",\",\"currencyNumberOfDecimals\":2,\"currencyPosition\":\"prefix\",\"currencySymbol\":\"\\u20ac\",\"currencyThousandsSep\":\" \"},{\"id\":15224,\"type\":\"series_pass\",\"title\":\"Pass 2026 - Reduced rate - FIFES 2026\",\"description\":\"Children, students, and job seekers (subject to presentation of valid proof).\",\"capacityType\":\"global\",\"price\":35,\"capacity\":440,\"available\":440,\"sharedCapacity\":440,\"sold\":0,\"shareSold\":0,\"isShared\":true,\"currencyDecimalPoint\":\",\",\"currencyNumberOfDecimals\":2,\"currencyPosition\":\"prefix\",\"currencySymbol\":\"\\u20ac\",\"currencyThousandsSep\":\" \"}]","_tribe_ticket_has_attendee_info_fields":false,"_et_pb_use_builder":"off","_et_pb_old_content":"","_et_gb_content_width":"","_tribe_events_status":"","_tribe_events_status_reason":"","_tribe_events_is_hybrid":"","_tribe_events_is_virtual":"","_tribe_events_virtual_video_source":"","_tribe_events_virtual_embed_video":"","_tribe_events_virtual_linked_button_text":"","_tribe_events_virtual_linked_button":"","_tribe_events_virtual_show_embed_at":"","_tribe_events_virtual_show_embed_to":[],"_tribe_events_virtual_show_on_event":"","_tribe_events_virtual_show_on_views":"","_tribe_events_virtual_url":"","_ecm_more_info_button_text":"","footnotes":"","_tec_slr_enabled":"","_tec_slr_layout":""},"tags":[],"tribe_events_cat":[243,118,248],"recompenses":[],"class_list":["post-14913","tribe_events","type-tribe_events","status-publish","has-post-thumbnail","hentry","tribe_events_cat-arts-en","tribe_events_cat-international-ecological-and-social-film-festival","tribe_events_cat-visual-arts","cat_arts-en","cat_international-ecological-and-social-film-festival","cat_visual-arts"],"yoast_head":"<!-- This site is optimized with the Yoast SEO plugin v27.5 - https:\/\/yoast.com\/product\/yoast-seo-wordpress\/ -->\n<title>Vincent Kulesza photo exhibition - Fifes - Festival Internation du Film Ecologique et Social<\/title>\n<meta name=\"robots\" content=\"index, follow, max-snippet:-1, max-image-preview:large, max-video-preview:-1\" \/>\n<link rel=\"canonical\" href=\"https:\/\/fifes.org\/en\/?post_type=tribe_events&p=14913\" \/>\n<meta property=\"og:locale\" content=\"en_US\" \/>\n<meta property=\"og:type\" content=\"article\" \/>\n<meta property=\"og:title\" content=\"Vincent Kulesza photo exhibition - Fifes - Festival Internation du Film Ecologique et Social\" \/>\n<meta property=\"og:description\" content=\"1a8dc3a7e9d0fb6284d2b170b753766998f253ce9cdb4507e97cb627bb660646\" \/>\n<meta property=\"og:url\" content=\"https:\/\/fifes.org\/en\/?post_type=tribe_events&amp;p=14913\" \/>\n<meta property=\"og:site_name\" content=\"Fifes - Festival Internation du Film Ecologique et Social\" \/>\n<meta property=\"article:publisher\" content=\"https:\/\/www.facebook.com\/fifescannes\" \/>\n<meta property=\"article:modified_time\" content=\"2026-05-01T17:40:26+00:00\" \/>\n<meta property=\"og:image\" content=\"https:\/\/fifes.org\/wp-content\/uploads\/2026\/04\/expo-Vincent-Kulesza.png\" \/>\n\t<meta property=\"og:image:width\" content=\"385\" \/>\n\t<meta property=\"og:image:height\" content=\"405\" \/>\n\t<meta property=\"og:image:type\" content=\"image\/png\" \/>\n<meta name=\"twitter:card\" content=\"summary_large_image\" \/>\n<meta name=\"twitter:label1\" content=\"Est. reading time\" \/>\n\t<meta name=\"twitter:data1\" content=\"1 minute\" \/>\n<script type=\"application\/ld+json\" class=\"yoast-schema-graph\">{\"@context\":\"https:\\\/\\\/schema.org\",\"@graph\":[{\"@type\":\"WebPage\",\"@id\":\"https:\\\/\\\/fifes.org\\\/en\\\/?post_type=tribe_events&p=14913\",\"url\":\"https:\\\/\\\/fifes.org\\\/en\\\/?post_type=tribe_events&p=14913\",\"name\":\"Vincent Kulesza photo exhibition - Fifes - Festival Internation du Film Ecologique et Social\",\"isPartOf\":{\"@id\":\"https:\\\/\\\/fifes.org\\\/#website\"},\"primaryImageOfPage\":{\"@id\":\"https:\\\/\\\/fifes.org\\\/en\\\/?post_type=tribe_events&p=14913#primaryimage\"},\"image\":{\"@id\":\"https:\\\/\\\/fifes.org\\\/en\\\/?post_type=tribe_events&p=14913#primaryimage\"},\"thumbnailUrl\":\"https:\\\/\\\/fifes.org\\\/wp-content\\\/uploads\\\/2026\\\/04\\\/expo-Vincent-Kulesza.png\",\"datePublished\":\"2026-04-14T12:43:31+00:00\",\"dateModified\":\"2026-05-01T17:40:26+00:00\",\"breadcrumb\":{\"@id\":\"https:\\\/\\\/fifes.org\\\/en\\\/?post_type=tribe_events&p=14913#breadcrumb\"},\"inLanguage\":\"en-US\",\"potentialAction\":[{\"@type\":\"ReadAction\",\"target\":[\"https:\\\/\\\/fifes.org\\\/en\\\/?post_type=tribe_events&p=14913\"]}]},{\"@type\":\"ImageObject\",\"inLanguage\":\"en-US\",\"@id\":\"https:\\\/\\\/fifes.org\\\/en\\\/?post_type=tribe_events&p=14913#primaryimage\",\"url\":\"https:\\\/\\\/fifes.org\\\/wp-content\\\/uploads\\\/2026\\\/04\\\/expo-Vincent-Kulesza.png\",\"contentUrl\":\"https:\\\/\\\/fifes.org\\\/wp-content\\\/uploads\\\/2026\\\/04\\\/expo-Vincent-Kulesza.png\",\"width\":385,\"height\":405},{\"@type\":\"BreadcrumbList\",\"@id\":\"https:\\\/\\\/fifes.org\\\/en\\\/?post_type=tribe_events&p=14913#breadcrumb\",\"itemListElement\":[{\"@type\":\"ListItem\",\"position\":1,\"name\":\"Accueil\",\"item\":\"https:\\\/\\\/fifes.org\\\/en\\\/\"},{\"@type\":\"ListItem\",\"position\":2,\"name\":\"Events\",\"item\":\"https:\\\/\\\/fifes.org\\\/en\\\/evenements\\\/\"},{\"@type\":\"ListItem\",\"position\":3,\"name\":\"Vincent Kulesza photo exhibition\"}]},{\"@type\":\"WebSite\",\"@id\":\"https:\\\/\\\/fifes.org\\\/#website\",\"url\":\"https:\\\/\\\/fifes.org\\\/\",\"name\":\"Fifes - Festival Internation du Film Ecologique et Social\",\"description\":\"Venez \u00e0 la rencontre d\u2019un festival qui vous ressemble et qui nous rassemble !\",\"publisher\":{\"@id\":\"https:\\\/\\\/fifes.org\\\/#organization\"},\"alternateName\":\"F.I.F.E.S.\",\"potentialAction\":[{\"@type\":\"SearchAction\",\"target\":{\"@type\":\"EntryPoint\",\"urlTemplate\":\"https:\\\/\\\/fifes.org\\\/?s={search_term_string}\"},\"query-input\":{\"@type\":\"PropertyValueSpecification\",\"valueRequired\":true,\"valueName\":\"search_term_string\"}}],\"inLanguage\":\"en-US\"},{\"@type\":\"Organization\",\"@id\":\"https:\\\/\\\/fifes.org\\\/#organization\",\"name\":\"Festival International du Film Ecologique et Social\",\"alternateName\":\"F.I.F.E.S.\",\"url\":\"https:\\\/\\\/fifes.org\\\/\",\"logo\":{\"@type\":\"ImageObject\",\"inLanguage\":\"en-US\",\"@id\":\"https:\\\/\\\/fifes.org\\\/#\\\/schema\\\/logo\\\/image\\\/\",\"url\":\"https:\\\/\\\/fifes.org\\\/wp-content\\\/uploads\\\/2022\\\/12\\\/Logo-2023-480px-e1671803170434.png\",\"contentUrl\":\"https:\\\/\\\/fifes.org\\\/wp-content\\\/uploads\\\/2022\\\/12\\\/Logo-2023-480px-e1671803170434.png\",\"width\":200,\"height\":188,\"caption\":\"Festival International du Film Ecologique et Social\"},\"image\":{\"@id\":\"https:\\\/\\\/fifes.org\\\/#\\\/schema\\\/logo\\\/image\\\/\"},\"sameAs\":[\"https:\\\/\\\/www.facebook.com\\\/fifescannes\",\"https:\\\/\\\/www.instagram.com\\\/fifescannes\\\/?hl=fr\"]}]}<\/script>\n<!-- \/ Yoast SEO plugin. -->","yoast_head_json":{"title":"Vincent Kulesza photo exhibition - Fifes - Festival Internation du Film Ecologique et Social","robots":{"index":"index","follow":"follow","max-snippet":"max-snippet:-1","max-image-preview":"max-image-preview:large","max-video-preview":"max-video-preview:-1"},"canonical":"https:\/\/fifes.org\/en\/?post_type=tribe_events&p=14913","og_locale":"en_US","og_type":"article","og_title":"Vincent Kulesza photo exhibition - Fifes - Festival Internation du Film Ecologique et Social","og_description":"1a8dc3a7e9d0fb6284d2b170b753766998f253ce9cdb4507e97cb627bb660646","og_url":"https:\/\/fifes.org\/en\/?post_type=tribe_events&p=14913","og_site_name":"Fifes - Festival Internation du Film Ecologique et Social","article_publisher":"https:\/\/www.facebook.com\/fifescannes","article_modified_time":"2026-05-01T17:40:26+00:00","og_image":[{"width":385,"height":405,"url":"https:\/\/fifes.org\/wp-content\/uploads\/2026\/04\/expo-Vincent-Kulesza.png","type":"image\/png"}],"twitter_card":"summary_large_image","twitter_misc":{"Est. reading time":"1 minute"},"schema":{"@context":"https:\/\/schema.org","@graph":[{"@type":"WebPage","@id":"https:\/\/fifes.org\/en\/?post_type=tribe_events&p=14913","url":"https:\/\/fifes.org\/en\/?post_type=tribe_events&p=14913","name":"Vincent Kulesza photo exhibition - Fifes - Festival Internation du Film Ecologique et Social","isPartOf":{"@id":"https:\/\/fifes.org\/#website"},"primaryImageOfPage":{"@id":"https:\/\/fifes.org\/en\/?post_type=tribe_events&p=14913#primaryimage"},"image":{"@id":"https:\/\/fifes.org\/en\/?post_type=tribe_events&p=14913#primaryimage"},"thumbnailUrl":"https:\/\/fifes.org\/wp-content\/uploads\/2026\/04\/expo-Vincent-Kulesza.png","datePublished":"2026-04-14T12:43:31+00:00","dateModified":"2026-05-01T17:40:26+00:00","breadcrumb":{"@id":"https:\/\/fifes.org\/en\/?post_type=tribe_events&p=14913#breadcrumb"},"inLanguage":"en-US","potentialAction":[{"@type":"ReadAction","target":["https:\/\/fifes.org\/en\/?post_type=tribe_events&p=14913"]}]},{"@type":"ImageObject","inLanguage":"en-US","@id":"https:\/\/fifes.org\/en\/?post_type=tribe_events&p=14913#primaryimage","url":"https:\/\/fifes.org\/wp-content\/uploads\/2026\/04\/expo-Vincent-Kulesza.png","contentUrl":"https:\/\/fifes.org\/wp-content\/uploads\/2026\/04\/expo-Vincent-Kulesza.png","width":385,"height":405},{"@type":"BreadcrumbList","@id":"https:\/\/fifes.org\/en\/?post_type=tribe_events&p=14913#breadcrumb","itemListElement":[{"@type":"ListItem","position":1,"name":"Accueil","item":"https:\/\/fifes.org\/en\/"},{"@type":"ListItem","position":2,"name":"Events","item":"https:\/\/fifes.org\/en\/evenements\/"},{"@type":"ListItem","position":3,"name":"Vincent Kulesza photo exhibition"}]},{"@type":"WebSite","@id":"https:\/\/fifes.org\/#website","url":"https:\/\/fifes.org\/","name":"Fifes - Festival Internation du Film Ecologique et Social","description":"Venez \u00e0 la rencontre d\u2019un festival qui vous ressemble et qui nous rassemble !","publisher":{"@id":"https:\/\/fifes.org\/#organization"},"alternateName":"F.I.F.E.S.","potentialAction":[{"@type":"SearchAction","target":{"@type":"EntryPoint","urlTemplate":"https:\/\/fifes.org\/?s={search_term_string}"},"query-input":{"@type":"PropertyValueSpecification","valueRequired":true,"valueName":"search_term_string"}}],"inLanguage":"en-US"},{"@type":"Organization","@id":"https:\/\/fifes.org\/#organization","name":"Festival International du Film Ecologique et Social","alternateName":"F.I.F.E.S.","url":"https:\/\/fifes.org\/","logo":{"@type":"ImageObject","inLanguage":"en-US","@id":"https:\/\/fifes.org\/#\/schema\/logo\/image\/","url":"https:\/\/fifes.org\/wp-content\/uploads\/2022\/12\/Logo-2023-480px-e1671803170434.png","contentUrl":"https:\/\/fifes.org\/wp-content\/uploads\/2022\/12\/Logo-2023-480px-e1671803170434.png","width":200,"height":188,"caption":"Festival International du Film Ecologique et Social"},"image":{"@id":"https:\/\/fifes.org\/#\/schema\/logo\/image\/"},"sameAs":["https:\/\/www.facebook.com\/fifescannes","https:\/\/www.instagram.com\/fifescannes\/?hl=fr"]}]}},"ticketed":["woo"],"_links":{"self":[{"href":"https:\/\/fifes.org\/en\/wp-json\/wp\/v2\/tribe_events\/14913","targetHints":{"allow":["GET"]}}],"collection":[{"href":"https:\/\/fifes.org\/en\/wp-json\/wp\/v2\/tribe_events"}],"about":[{"href":"https:\/\/fifes.org\/en\/wp-json\/wp\/v2\/types\/tribe_events"}],"author":[{"embeddable":true,"href":"https:\/\/fifes.org\/en\/wp-json\/wp\/v2\/users\/11"}],"version-history":[{"count":3,"href":"https:\/\/fifes.org\/en\/wp-json\/wp\/v2\/tribe_events\/14913\/revisions"}],"predecessor-version":[{"id":14918,"href":"https:\/\/fifes.org\/en\/wp-json\/wp\/v2\/tribe_events\/14913\/revisions\/14918"}],"wp:featuredmedia":[{"embeddable":true,"href":"https:\/\/fifes.org\/en\/wp-json\/wp\/v2\/media\/14915"}],"wp:attachment":[{"href":"https:\/\/fifes.org\/en\/wp-json\/wp\/v2\/media?parent=14913"}],"wp:term":[{"taxonomy":"post_tag","embeddable":true,"href":"https:\/\/fifes.org\/en\/wp-json\/wp\/v2\/tags?post=14913"},{"taxonomy":"tribe_events_cat","embeddable":true,"href":"https:\/\/fifes.org\/en\/wp-json\/wp\/v2\/tribe_events_cat?post=14913"},{"taxonomy":"recompenses","embeddable":true,"href":"https:\/\/fifes.org\/en\/wp-json\/wp\/v2\/recompenses?post=14913"}],"curies":[{"name":"wp","href":"https:\/\/api.w.org\/{rel}","templated":true}]}}