{"id":14862,"date":"2026-04-22T15:51:21","date_gmt":"2026-04-22T13:51:21","guid":{"rendered":"https:\/\/fifes.org\/evenement\/youth-project\/"},"modified":"2026-05-01T19:37:39","modified_gmt":"2026-05-01T17:37:39","slug":"youth-project","status":"publish","type":"tribe_events","link":"https:\/\/fifes.org\/en\/evenement\/youth-project\/","title":{"rendered":"Youth Project"},"content":{"rendered":"<p><strong>\u00c0 voix haute: When young people speak out on biodiversity<br \/>\nPerformance by Lyc\u00e9e Bristol students<br \/>\n<\/strong><\/p>\n<p><span class=\"a_GcMg font-feature-liga-off font-feature-clig-off font-feature-calt-off text-decoration-none text-strikethrough-none\">Accompanied by their teacher Romain Gimenes, the Lyc\u00e9e Bristol&#8217;s second-year students propose a unique stage performance in which the voice of<br \/>\ntexts will be accompanied by images and sounds in the background. Everything said and shown on stage will have been created by the students themselves. <\/p>\n<p><\/span><span class=\"a_GcMg font-feature-liga-off font-feature-clig-off font-feature-calt-off text-decoration-none text-strikethrough-none\">Following in the footsteps of Sylvain Tesson&#8217;s literary work, students will propose a reading of various texts they have written, crossing genres: narrative, speech, letter, diary, poem. These texts will be structured around the ecological and social theme of biodiversity. <\/p>\n<p>Each speech, whether by a group or an individual, will be accompanied by an image or sound captured by the students in the Cannes area. These visual and sound elements<br \/>\ncan illustrate the texts on biodiversity, but also enter into dialogue with the writing, while creating a transition between the different speeches. <\/span><\/p>\n","protected":false},"excerpt":{"rendered":"<p>\u00c0 voix haute: When young people speak out on biodiversity Performance by Lyc\u00e9e Bristol students Accompanied by their teacher Romain Gimenes, the Lyc\u00e9e Bristol&#8217;s second-year students propose a unique stage [&hellip;]<\/p>\n","protected":false},"author":11,"featured_media":14863,"template":"","meta":{"_price":"","_stock":"","_tribe_ticket_header":"","_tribe_default_ticket_provider":"Tribe__Tickets_Plus__Commerce__WooCommerce__Main","_tribe_ticket_capacity":"0","_ticket_start_date":"","_ticket_end_date":"","_tribe_ticket_show_description":"","_tribe_ticket_show_not_going":false,"_tribe_ticket_use_global_stock":"","_tribe_ticket_global_stock_level":"","_global_stock_mode":"","_global_stock_cap":"","_tribe_rsvp_for_event":"","_tribe_ticket_going_count":"","_tribe_ticket_not_going_count":"","_tribe_tickets_list":"[{\"id\":15223,\"type\":\"series_pass\",\"title\":\"Pass 2026 - full price - FIFES 2026\",\"description\":\"Access to all 17 screenings + workshops.\",\"capacityType\":\"global\",\"price\":55,\"capacity\":440,\"available\":440,\"sharedCapacity\":440,\"sold\":0,\"shareSold\":0,\"isShared\":true,\"currencyDecimalPoint\":\",\",\"currencyNumberOfDecimals\":2,\"currencyPosition\":\"prefix\",\"currencySymbol\":\"\\u20ac\",\"currencyThousandsSep\":\" \"},{\"id\":15224,\"type\":\"series_pass\",\"title\":\"Pass 2026 - Reduced rate - FIFES 2026\",\"description\":\"Children, students, and job seekers (subject to presentation of valid proof).\",\"capacityType\":\"global\",\"price\":35,\"capacity\":440,\"available\":440,\"sharedCapacity\":440,\"sold\":0,\"shareSold\":0,\"isShared\":true,\"currencyDecimalPoint\":\",\",\"currencyNumberOfDecimals\":2,\"currencyPosition\":\"prefix\",\"currencySymbol\":\"\\u20ac\",\"currencyThousandsSep\":\" \"}]","_tribe_ticket_has_attendee_info_fields":false,"_tribe_events_status":"","_tribe_events_status_reason":"","_tribe_events_is_hybrid":"","_tribe_events_is_virtual":"","_tribe_events_virtual_video_source":"","_tribe_events_virtual_embed_video":"","_tribe_events_virtual_linked_button_text":"","_tribe_events_virtual_linked_button":"","_tribe_events_virtual_show_embed_at":"","_tribe_events_virtual_show_embed_to":[],"_tribe_events_virtual_show_on_event":"","_tribe_events_virtual_show_on_views":"","_tribe_events_virtual_url":"","_ecm_more_info_button_text":"","footnotes":"","_tec_slr_enabled":"","_tec_slr_layout":""},"tags":[],"tribe_events_cat":[118],"recompenses":[],"class_list":["post-14862","tribe_events","type-tribe_events","status-publish","has-post-thumbnail","hentry","tribe_events_cat-international-ecological-and-social-film-festival","cat_international-ecological-and-social-film-festival"],"yoast_head":"<!-- This site is optimized with the Yoast SEO plugin v27.5 - https:\/\/yoast.com\/product\/yoast-seo-wordpress\/ -->\n<title>Youth Project - Fifes - Festival Internation du Film Ecologique et Social<\/title>\n<meta name=\"robots\" content=\"index, follow, max-snippet:-1, max-image-preview:large, max-video-preview:-1\" \/>\n<link rel=\"canonical\" href=\"https:\/\/fifes.org\/en\/?post_type=tribe_events&p=14862\" \/>\n<meta property=\"og:locale\" content=\"en_US\" \/>\n<meta property=\"og:type\" content=\"article\" \/>\n<meta property=\"og:title\" content=\"Youth Project - Fifes - Festival Internation du Film Ecologique et Social\" \/>\n<meta property=\"og:description\" content=\"\u00c0 voix haute: When young people speak out on biodiversity Performance by Lyc\u00e9e Bristol students Accompanied by their teacher Romain Gimenes, the Lyc\u00e9e Bristol&#8217;s second-year students propose a unique stage [&hellip;]\" \/>\n<meta property=\"og:url\" content=\"https:\/\/fifes.org\/en\/?post_type=tribe_events&amp;p=14862\" \/>\n<meta property=\"og:site_name\" content=\"Fifes - Festival Internation du Film Ecologique et Social\" \/>\n<meta property=\"article:publisher\" content=\"https:\/\/www.facebook.com\/fifescannes\" \/>\n<meta property=\"article:modified_time\" content=\"2026-05-01T17:37:39+00:00\" \/>\n<meta property=\"og:image\" content=\"https:\/\/fifes.org\/wp-content\/uploads\/2026\/04\/projet-jeunesse-fifes-2026.jpg\" \/>\n\t<meta property=\"og:image:width\" content=\"900\" \/>\n\t<meta property=\"og:image:height\" content=\"687\" \/>\n\t<meta property=\"og:image:type\" content=\"image\/jpeg\" \/>\n<meta name=\"twitter:card\" content=\"summary_large_image\" \/>\n<meta name=\"twitter:label1\" content=\"Est. reading time\" \/>\n\t<meta name=\"twitter:data1\" content=\"1 minute\" \/>\n<script type=\"application\/ld+json\" class=\"yoast-schema-graph\">{\"@context\":\"https:\\\/\\\/schema.org\",\"@graph\":[{\"@type\":\"WebPage\",\"@id\":\"https:\\\/\\\/fifes.org\\\/en\\\/?post_type=tribe_events&p=14862\",\"url\":\"https:\\\/\\\/fifes.org\\\/en\\\/?post_type=tribe_events&p=14862\",\"name\":\"Youth Project - Fifes - Festival Internation du Film Ecologique et Social\",\"isPartOf\":{\"@id\":\"https:\\\/\\\/fifes.org\\\/#website\"},\"primaryImageOfPage\":{\"@id\":\"https:\\\/\\\/fifes.org\\\/en\\\/?post_type=tribe_events&p=14862#primaryimage\"},\"image\":{\"@id\":\"https:\\\/\\\/fifes.org\\\/en\\\/?post_type=tribe_events&p=14862#primaryimage\"},\"thumbnailUrl\":\"https:\\\/\\\/fifes.org\\\/wp-content\\\/uploads\\\/2026\\\/04\\\/projet-jeunesse-fifes-2026.jpg\",\"datePublished\":\"2026-04-22T13:51:21+00:00\",\"dateModified\":\"2026-05-01T17:37:39+00:00\",\"breadcrumb\":{\"@id\":\"https:\\\/\\\/fifes.org\\\/en\\\/?post_type=tribe_events&p=14862#breadcrumb\"},\"inLanguage\":\"en-US\",\"potentialAction\":[{\"@type\":\"ReadAction\",\"target\":[\"https:\\\/\\\/fifes.org\\\/en\\\/?post_type=tribe_events&p=14862\"]}]},{\"@type\":\"ImageObject\",\"inLanguage\":\"en-US\",\"@id\":\"https:\\\/\\\/fifes.org\\\/en\\\/?post_type=tribe_events&p=14862#primaryimage\",\"url\":\"https:\\\/\\\/fifes.org\\\/wp-content\\\/uploads\\\/2026\\\/04\\\/projet-jeunesse-fifes-2026.jpg\",\"contentUrl\":\"https:\\\/\\\/fifes.org\\\/wp-content\\\/uploads\\\/2026\\\/04\\\/projet-jeunesse-fifes-2026.jpg\",\"width\":900,\"height\":687},{\"@type\":\"BreadcrumbList\",\"@id\":\"https:\\\/\\\/fifes.org\\\/en\\\/?post_type=tribe_events&p=14862#breadcrumb\",\"itemListElement\":[{\"@type\":\"ListItem\",\"position\":1,\"name\":\"Accueil\",\"item\":\"https:\\\/\\\/fifes.org\\\/en\\\/\"},{\"@type\":\"ListItem\",\"position\":2,\"name\":\"Events\",\"item\":\"https:\\\/\\\/fifes.org\\\/en\\\/evenements\\\/\"},{\"@type\":\"ListItem\",\"position\":3,\"name\":\"Youth Project\"}]},{\"@type\":\"WebSite\",\"@id\":\"https:\\\/\\\/fifes.org\\\/#website\",\"url\":\"https:\\\/\\\/fifes.org\\\/\",\"name\":\"Fifes - Festival Internation du Film Ecologique et Social\",\"description\":\"Venez \u00e0 la rencontre d\u2019un festival qui vous ressemble et qui nous rassemble !\",\"publisher\":{\"@id\":\"https:\\\/\\\/fifes.org\\\/#organization\"},\"alternateName\":\"F.I.F.E.S.\",\"potentialAction\":[{\"@type\":\"SearchAction\",\"target\":{\"@type\":\"EntryPoint\",\"urlTemplate\":\"https:\\\/\\\/fifes.org\\\/?s={search_term_string}\"},\"query-input\":{\"@type\":\"PropertyValueSpecification\",\"valueRequired\":true,\"valueName\":\"search_term_string\"}}],\"inLanguage\":\"en-US\"},{\"@type\":\"Organization\",\"@id\":\"https:\\\/\\\/fifes.org\\\/#organization\",\"name\":\"Festival International du Film Ecologique et Social\",\"alternateName\":\"F.I.F.E.S.\",\"url\":\"https:\\\/\\\/fifes.org\\\/\",\"logo\":{\"@type\":\"ImageObject\",\"inLanguage\":\"en-US\",\"@id\":\"https:\\\/\\\/fifes.org\\\/#\\\/schema\\\/logo\\\/image\\\/\",\"url\":\"https:\\\/\\\/fifes.org\\\/wp-content\\\/uploads\\\/2022\\\/12\\\/Logo-2023-480px-e1671803170434.png\",\"contentUrl\":\"https:\\\/\\\/fifes.org\\\/wp-content\\\/uploads\\\/2022\\\/12\\\/Logo-2023-480px-e1671803170434.png\",\"width\":200,\"height\":188,\"caption\":\"Festival International du Film Ecologique et Social\"},\"image\":{\"@id\":\"https:\\\/\\\/fifes.org\\\/#\\\/schema\\\/logo\\\/image\\\/\"},\"sameAs\":[\"https:\\\/\\\/www.facebook.com\\\/fifescannes\",\"https:\\\/\\\/www.instagram.com\\\/fifescannes\\\/?hl=fr\"]}]}<\/script>\n<!-- \/ Yoast SEO plugin. -->","yoast_head_json":{"title":"Youth Project - Fifes - Festival Internation du Film Ecologique et Social","robots":{"index":"index","follow":"follow","max-snippet":"max-snippet:-1","max-image-preview":"max-image-preview:large","max-video-preview":"max-video-preview:-1"},"canonical":"https:\/\/fifes.org\/en\/?post_type=tribe_events&p=14862","og_locale":"en_US","og_type":"article","og_title":"Youth Project - Fifes - Festival Internation du Film Ecologique et Social","og_description":"\u00c0 voix haute: When young people speak out on biodiversity Performance by Lyc\u00e9e Bristol students Accompanied by their teacher Romain Gimenes, the Lyc\u00e9e Bristol&#8217;s second-year students propose a unique stage [&hellip;]","og_url":"https:\/\/fifes.org\/en\/?post_type=tribe_events&p=14862","og_site_name":"Fifes - Festival Internation du Film Ecologique et Social","article_publisher":"https:\/\/www.facebook.com\/fifescannes","article_modified_time":"2026-05-01T17:37:39+00:00","og_image":[{"width":900,"height":687,"url":"https:\/\/fifes.org\/wp-content\/uploads\/2026\/04\/projet-jeunesse-fifes-2026.jpg","type":"image\/jpeg"}],"twitter_card":"summary_large_image","twitter_misc":{"Est. reading time":"1 minute"},"schema":{"@context":"https:\/\/schema.org","@graph":[{"@type":"WebPage","@id":"https:\/\/fifes.org\/en\/?post_type=tribe_events&p=14862","url":"https:\/\/fifes.org\/en\/?post_type=tribe_events&p=14862","name":"Youth Project - Fifes - Festival Internation du Film Ecologique et Social","isPartOf":{"@id":"https:\/\/fifes.org\/#website"},"primaryImageOfPage":{"@id":"https:\/\/fifes.org\/en\/?post_type=tribe_events&p=14862#primaryimage"},"image":{"@id":"https:\/\/fifes.org\/en\/?post_type=tribe_events&p=14862#primaryimage"},"thumbnailUrl":"https:\/\/fifes.org\/wp-content\/uploads\/2026\/04\/projet-jeunesse-fifes-2026.jpg","datePublished":"2026-04-22T13:51:21+00:00","dateModified":"2026-05-01T17:37:39+00:00","breadcrumb":{"@id":"https:\/\/fifes.org\/en\/?post_type=tribe_events&p=14862#breadcrumb"},"inLanguage":"en-US","potentialAction":[{"@type":"ReadAction","target":["https:\/\/fifes.org\/en\/?post_type=tribe_events&p=14862"]}]},{"@type":"ImageObject","inLanguage":"en-US","@id":"https:\/\/fifes.org\/en\/?post_type=tribe_events&p=14862#primaryimage","url":"https:\/\/fifes.org\/wp-content\/uploads\/2026\/04\/projet-jeunesse-fifes-2026.jpg","contentUrl":"https:\/\/fifes.org\/wp-content\/uploads\/2026\/04\/projet-jeunesse-fifes-2026.jpg","width":900,"height":687},{"@type":"BreadcrumbList","@id":"https:\/\/fifes.org\/en\/?post_type=tribe_events&p=14862#breadcrumb","itemListElement":[{"@type":"ListItem","position":1,"name":"Accueil","item":"https:\/\/fifes.org\/en\/"},{"@type":"ListItem","position":2,"name":"Events","item":"https:\/\/fifes.org\/en\/evenements\/"},{"@type":"ListItem","position":3,"name":"Youth Project"}]},{"@type":"WebSite","@id":"https:\/\/fifes.org\/#website","url":"https:\/\/fifes.org\/","name":"Fifes - Festival Internation du Film Ecologique et Social","description":"Venez \u00e0 la rencontre d\u2019un festival qui vous ressemble et qui nous rassemble !","publisher":{"@id":"https:\/\/fifes.org\/#organization"},"alternateName":"F.I.F.E.S.","potentialAction":[{"@type":"SearchAction","target":{"@type":"EntryPoint","urlTemplate":"https:\/\/fifes.org\/?s={search_term_string}"},"query-input":{"@type":"PropertyValueSpecification","valueRequired":true,"valueName":"search_term_string"}}],"inLanguage":"en-US"},{"@type":"Organization","@id":"https:\/\/fifes.org\/#organization","name":"Festival International du Film Ecologique et Social","alternateName":"F.I.F.E.S.","url":"https:\/\/fifes.org\/","logo":{"@type":"ImageObject","inLanguage":"en-US","@id":"https:\/\/fifes.org\/#\/schema\/logo\/image\/","url":"https:\/\/fifes.org\/wp-content\/uploads\/2022\/12\/Logo-2023-480px-e1671803170434.png","contentUrl":"https:\/\/fifes.org\/wp-content\/uploads\/2022\/12\/Logo-2023-480px-e1671803170434.png","width":200,"height":188,"caption":"Festival International du Film Ecologique et Social"},"image":{"@id":"https:\/\/fifes.org\/#\/schema\/logo\/image\/"},"sameAs":["https:\/\/www.facebook.com\/fifescannes","https:\/\/www.instagram.com\/fifescannes\/?hl=fr"]}]}},"ticketed":["woo"],"_links":{"self":[{"href":"https:\/\/fifes.org\/en\/wp-json\/wp\/v2\/tribe_events\/14862","targetHints":{"allow":["GET"]}}],"collection":[{"href":"https:\/\/fifes.org\/en\/wp-json\/wp\/v2\/tribe_events"}],"about":[{"href":"https:\/\/fifes.org\/en\/wp-json\/wp\/v2\/types\/tribe_events"}],"author":[{"embeddable":true,"href":"https:\/\/fifes.org\/en\/wp-json\/wp\/v2\/users\/11"}],"version-history":[{"count":1,"href":"https:\/\/fifes.org\/en\/wp-json\/wp\/v2\/tribe_events\/14862\/revisions"}],"predecessor-version":[{"id":14865,"href":"https:\/\/fifes.org\/en\/wp-json\/wp\/v2\/tribe_events\/14862\/revisions\/14865"}],"wp:featuredmedia":[{"embeddable":true,"href":"https:\/\/fifes.org\/en\/wp-json\/wp\/v2\/media\/14863"}],"wp:attachment":[{"href":"https:\/\/fifes.org\/en\/wp-json\/wp\/v2\/media?parent=14862"}],"wp:term":[{"taxonomy":"post_tag","embeddable":true,"href":"https:\/\/fifes.org\/en\/wp-json\/wp\/v2\/tags?post=14862"},{"taxonomy":"tribe_events_cat","embeddable":true,"href":"https:\/\/fifes.org\/en\/wp-json\/wp\/v2\/tribe_events_cat?post=14862"},{"taxonomy":"recompenses","embeddable":true,"href":"https:\/\/fifes.org\/en\/wp-json\/wp\/v2\/recompenses?post=14862"}],"curies":[{"name":"wp","href":"https:\/\/api.w.org\/{rel}","templated":true}]}}