{"id":6510,"date":"2024-03-30T12:13:32","date_gmt":"2024-03-30T11:13:32","guid":{"rendered":"https:\/\/fifes.org\/edition-4-presentation\/"},"modified":"2025-05-14T19:35:17","modified_gmt":"2025-05-14T17:35:17","slug":"edition-4-presentation","status":"publish","type":"page","link":"https:\/\/fifes.org\/en\/edition-4-presentation\/","title":{"rendered":"Edition #4 &#8211; Presentation"},"content":{"rendered":"<p><div class=\"et_d4_element et_pb_section et_pb_section_0 et_pb_with_background  et_pb_css_mix_blend_mode et_section_regular et_block_section\" >\n\t\t\t\t\n\t\t\t\t\n\t\t\t\t\n\t\t\t\t\n\t\t\t\t\n\t\t\t\t\n\t\t\t\t<div class=\"et_d4_element et_pb_row et_pb_row_0  et_pb_css_mix_blend_mode et_block_row\">\n\t\t\t\t<div class=\"et_d4_element et_pb_column_4_4 et_pb_column et_pb_column_0  et_pb_css_mix_blend_mode et-last-child et_block_column\">\n\t\t\t\t\n\t\t\t\t\n\t\t\t\t\n\t\t\t\t\n\t\t\t\t<div class=\"et_pb_module et_d4_element et_pb_text et_pb_text_0  et_pb_text_align_left et_pb_bg_layout_light\">\n\t\t\t\t\n\t\t\t\t\n\t\t\t\t\n\t\t\t\t\n\t\t\t\t<div class=\"et_pb_text_inner\"><h1 style=\"text-align: center;\"><span style=\"color: #ffffff;\"><strong>Edition #4 - Presentation<\/strong><\/span><\/h1>\n<p style=\"text-align: center;\"><span style=\"color: #000000;\"><strong><span class=\"OYPEnA text-decoration-none text-strikethrough-none\" style=\"font-weight: bold; font-style: normal;\">From Thursday, May 30th a<span class=\"ql-cursor\"><\/span>to Sunday, June 2nd 2024 - Cin\u00e9ma Les Arcades, Cin\u00e9ma Olympia, Place de la Castre, All\u00e9es de la Libert\u00e9<br \/><\/span><\/strong><\/span><\/p><\/div>\n\t\t\t<\/div>\n\t\t\t<\/div>\n\t\t\t\t\n\t\t\t\t\n\t\t\t\t\n\t\t\t\t\n\t\t\t<\/div>\n\t\t\t\t\n\t\t\t\t\n\t\t\t<\/div><div class=\"et_d4_element et_pb_section et_pb_section_1  et_pb_css_mix_blend_mode et_section_regular et_block_section\" >\n\t\t\t\t\n\t\t\t\t\n\t\t\t\t\n\t\t\t\t\n\t\t\t\t\n\t\t\t\t\n\t\t\t\t<div class=\"et_d4_element et_pb_row et_pb_row_1  et_pb_css_mix_blend_mode et_block_row\">\n\t\t\t\t<div class=\"et_d4_element et_pb_column_2_3 et_pb_column et_pb_column_1  et_pb_css_mix_blend_mode et_block_column\">\n\t\t\t\t\n\t\t\t\t\n\t\t\t\t\n\t\t\t\t\n\t\t\t\t<div class=\"et_pb_module et_d4_element et_pb_text et_pb_text_1  et_pb_text_align_left et_pb_bg_layout_light\">\n\t\t\t\t\n\t\t\t\t\n\t\t\t\t\n\t\t\t\t\n\t\t\t\t<div class=\"et_pb_text_inner\"><p style=\"text-align: justify;\"><span style=\"color: #000000;\">On <strong>May 30, 31 and June 1, 2, 2024<\/strong>, the <strong>4th edition of the Festival International du Film \u00c9cologique et Social (FIFES)<\/strong> will take place in Cannes (06), under the presidency of <strong>Delia Ackerman<\/strong> for the international jury and <strong>Gilles de Maistre<\/strong> for the youth jury.<\/span><\/p>\n<p style=\"text-align: justify;\"><span style=\"color: #000000;\">Placed under the sign of the living, the festival honors the youth and those who make of the cinema a medium of expression, of commitment and who have this capacity to contribute to the incarnation of the new imaginary.<\/span><\/p>\n<p style=\"text-align: justify;\"><span style=\"color: #000000;\">Visit <span style=\"color: #f49b48;\"><br \/>\n  <strong>6 films in the International Competition<\/strong><br \/>\n<\/span> and the <span style=\"color: #f49b48;\"><br \/>\n  <strong>4 films from the Youth Competition<\/strong><br \/>\n<\/span> will be screened at Cin\u00e9mas Les Arcades and Olympia on Thursday May 30, Friday May 31 and Saturday June 1.<\/span><\/p>\n<p style=\"text-align: justify;\"><span style=\"color: #000000;\">Visit <span style=\"color: #f49b48;\"><br \/>\n  <strong>Opening Ceremony<\/strong><br \/>\n<\/span> <strong>will be held on May 30, starting at 6:00 pm, at Place de la Castre<\/strong>, on the Suquet hill. The evening begins with a show hosted by storyteller David Razon. At 7:00 pm, a musical cocktail reception will be served. At 7.30pm, the festival program, jury members and films in competition will be presented. Then, at 8:00 pm, the evening continues with a talk by Fran\u00e7ois Gemenne, co-author of the sixth IPCC report and a specialist in policies for adapting to global warming. Finally, at 9:30pm, the public can discover the award-winning film We are Guardians, dedicated to the struggle of Brazil's indigenous peoples to preserve the Amazon rainforest.<\/span><\/p>\n<p style=\"text-align: justify;\"><span style=\"color: #000000;\"><strong>Visit<\/strong> <span style=\"color: #f49b48;\"><br \/>\n  <strong>Closing Ceremony<\/strong><br \/>\n<\/span> <strong>will take place on June 1 at 6:00 pm, Place de la Castre<\/strong>. A live art show will be presented to the public. At 7:00 pm, a musical cocktail reception will be served. At 8:00 pm, the awards ceremony for this 4th edition will take place: the Graine d'Or, the Prix Coup de C\u0153ur, the Prix Sp\u00e9cial du Jury, the Prix Jeunesse, the Prix de l'Engagement, the Prix de la Meilleure R\u00e9alisation, the Prix Vert comme l'Espoir and the Prix du Public. The evening continues with a second live art show, and concludes with the Gentleman Farmer's concert at 9:30pm.<\/span><\/p>\n<p style=\"text-align: justify;\"><span style=\"color: #000000;\"><strong>The <span style=\"color: #e09900;\">Village des Initiatives<\/span> will take place on June 2 from 10:00 am to 6:00 pm on the All\u00e9es de la Libert\u00e9<\/strong>, where associations and companies committed to ecological and social issues will be rubbing shoulders. The program promises to be rich: round tables, exhibitors, events and screenings based on transformative territorial projects,...<\/span><\/p>\n<p style=\"text-align: justify;\"><span style=\"color: #000000;\"><strong>A special evening - the <span style=\"color: #e09900;\">Graine d'Or evening<\/span> - will take place on Sunday June 2 from 6:00 pm on the All\u00e9es de la Libert\u00e9.<\/strong> Between 6:00 and 7:00 p.m., the public will be treated to a presentation of films by associations and partners. Starting at 7:00 pm, a philharmonic concert of film music conducted by six professional orchestra conductors will be offered to Cannes audiences. And at 9:30pm, the festival closes with an open-air screening of the film that won the 2024 Golden Seed award.<\/span><\/p><\/div>\n\t\t\t<\/div>\n\t\t\t<\/div><div class=\"et_d4_element et_pb_column_1_3 et_pb_column et_pb_column_2  et_pb_css_mix_blend_mode et-last-child et_block_column\">\n\t\t\t\t\n\t\t\t\t\n\t\t\t\t\n\t\t\t\t\n\t\t\t\t<div class=\"et_pb_module et_d4_element et_pb_image et_pb_image_0\">\n\t\t\t\t\n\t\t\t\t\n\t\t\t\t\n\t\t\t\t\n\t\t\t\t<span class=\"et_pb_image_wrap \"><img loading=\"lazy\" decoding=\"async\" width=\"2560\" height=\"1920\" src=\"\/wp-content\/uploads\/2024\/03\/P2050646-scaled.jpg\" alt=\"\" title=\"P2050646\" srcset=\"https:\/\/fifes.org\/wp-content\/uploads\/2024\/03\/P2050646-scaled.jpg 2560w, https:\/\/fifes.org\/wp-content\/uploads\/2024\/03\/P2050646-1280x960.jpg 1280w, https:\/\/fifes.org\/wp-content\/uploads\/2024\/03\/P2050646-980x735.jpg 980w, https:\/\/fifes.org\/wp-content\/uploads\/2024\/03\/P2050646-480x360.jpg 480w\" sizes=\"(min-width: 0px) and (max-width: 480px) 480px, (min-width: 481px) and (max-width: 980px) 980px, (min-width: 981px) and (max-width: 1280px) 1280px, (min-width: 1281px) 2560px, 100vw\" class=\"wp-image-5427\" \/><\/span>\n\t\t\t<\/div><div class=\"et_pb_module et_d4_element et_pb_image et_pb_image_1\">\n\t\t\t\t\n\t\t\t\t\n\t\t\t\t\n\t\t\t\t\n\t\t\t\t<span class=\"et_pb_image_wrap \"><img loading=\"lazy\" decoding=\"async\" width=\"2400\" height=\"1600\" src=\"\/wp-content\/uploads\/2024\/03\/23_06_03n164302-7532.jpeg\" alt=\"\" title=\"23_06_03n164302-7532\" srcset=\"https:\/\/fifes.org\/wp-content\/uploads\/2024\/03\/23_06_03n164302-7532.jpeg 2400w, https:\/\/fifes.org\/wp-content\/uploads\/2024\/03\/23_06_03n164302-7532-1280x853.jpeg 1280w, https:\/\/fifes.org\/wp-content\/uploads\/2024\/03\/23_06_03n164302-7532-980x653.jpeg 980w, https:\/\/fifes.org\/wp-content\/uploads\/2024\/03\/23_06_03n164302-7532-480x320.jpeg 480w\" sizes=\"(min-width: 0px) and (max-width: 480px) 480px, (min-width: 481px) and (max-width: 980px) 980px, (min-width: 981px) and (max-width: 1280px) 1280px, (min-width: 1281px) 2400px, 100vw\" class=\"wp-image-5471\" \/><\/span>\n\t\t\t<\/div><div class=\"et_pb_module et_d4_element et_pb_image et_pb_image_2\">\n\t\t\t\t\n\t\t\t\t\n\t\t\t\t\n\t\t\t\t\n\t\t\t\t<span class=\"et_pb_image_wrap \"><img loading=\"lazy\" decoding=\"async\" width=\"2560\" height=\"1709\" src=\"\/wp-content\/uploads\/2024\/03\/IMG_0791-scaled.jpg\" alt=\"\" title=\"IMG_0791\" srcset=\"https:\/\/fifes.org\/wp-content\/uploads\/2024\/03\/IMG_0791-scaled.jpg 2560w, https:\/\/fifes.org\/wp-content\/uploads\/2024\/03\/IMG_0791-1280x855.jpg 1280w, https:\/\/fifes.org\/wp-content\/uploads\/2024\/03\/IMG_0791-980x654.jpg 980w, https:\/\/fifes.org\/wp-content\/uploads\/2024\/03\/IMG_0791-480x320.jpg 480w\" sizes=\"(min-width: 0px) and (max-width: 480px) 480px, (min-width: 481px) and (max-width: 980px) 980px, (min-width: 981px) and (max-width: 1280px) 1280px, (min-width: 1281px) 2560px, 100vw\" class=\"wp-image-5475\" \/><\/span>\n\t\t\t<\/div>\n\t\t\t<\/div>\n\t\t\t\t\n\t\t\t\t\n\t\t\t\t\n\t\t\t\t\n\t\t\t<\/div><div class=\"et_d4_element et_pb_row et_pb_row_2  et_pb_css_mix_blend_mode et_block_row\">\n\t\t\t\t<div class=\"et_d4_element et_pb_column_1_4 et_pb_column et_pb_column_3  et_pb_css_mix_blend_mode et_block_column\">\n\t\t\t\t\n\t\t\t\t\n\t\t\t\t\n\t\t\t\t\n\t\t\t\t<div class=\"et_pb_module et_d4_element et_pb_cta_0 et_pb_promo  et_pb_text_align_center et_pb_bg_layout_dark\">\n\t\t\t\t\n\t\t\t\t\n\t\t\t\t\n\t\t\t\t\n\t\t\t\t<div class=\"et_pb_promo_description\"><h2 class=\"et_pb_module_header\">Co-founders&apos; editorial<\/h2><div><p><span style=\"color: #000000;\">Sundari Veneroni<\/span><br \/><span style=\"color: #000000;\">Maxime Giordano<\/span><\/p><\/div><\/div>\n\t\t\t\t<div class=\"et_pb_button_wrapper\"><a class=\"et_pb_button et_pb_promo_button\" href=\"https:\/\/fifes.org\/en\/edition-4-presentation\/editorial-by-the-co-founders\/\">See<\/a><\/div>\n\t\t\t<\/div>\n\t\t\t<\/div><div class=\"et_d4_element et_pb_column_1_4 et_pb_column et_pb_column_4  et_pb_css_mix_blend_mode et_block_column\">\n\t\t\t\t\n\t\t\t\t\n\t\t\t\t\n\t\t\t\t\n\t\t\t\t<div class=\"et_pb_module et_d4_element et_pb_cta_1 et_pb_promo  et_pb_text_align_center et_pb_bg_layout_dark\">\n\t\t\t\t\n\t\t\t\t\n\t\t\t\t\n\t\t\t\t\n\t\t\t\t<div class=\"et_pb_promo_description\"><h2 class=\"et_pb_module_header\">Editorial by David Lisnard<\/h2><div><p><span style=\"color: #000000;\">Mayor of Cannes - Chairman of the Agglom\u00e9ration Cannes L\u00e9rins<\/span><\/p><\/div><\/div>\n\t\t\t\t<div class=\"et_pb_button_wrapper\"><a class=\"et_pb_button et_pb_promo_button\" href=\"https:\/\/fifes.org\/en\/edition-4-presentation\/editorial-by-david-lisnard\/\">See<\/a><\/div>\n\t\t\t<\/div>\n\t\t\t<\/div><div class=\"et_d4_element et_pb_column_1_4 et_pb_column et_pb_column_5  et_pb_css_mix_blend_mode et_block_column\">\n\t\t\t\t\n\t\t\t\t\n\t\t\t\t\n\t\t\t\t\n\t\t\t\t<div class=\"et_pb_module et_d4_element et_pb_cta_2 et_clickable et_pb_promo  et_pb_text_align_center et_pb_bg_layout_dark\">\n\t\t\t\t\n\t\t\t\t\n\t\t\t\t\n\t\t\t\t\n\t\t\t\t<div class=\"et_pb_promo_description\"><h2 class=\"et_pb_module_header\">Charles Ange Gin\u00e9sy&apos;s editorial<\/h2><div><p><span style=\"color: #000000;\">President of the Alpes-Maritimes Department<\/span><\/p><\/div><\/div>\n\t\t\t\t<div class=\"et_pb_button_wrapper\"><a class=\"et_pb_button et_pb_promo_button\" href=\"https:\/\/fifes.org\/en\/edition-4-presentation\/editorial-by-charles-ange-ginesy\/\">See<\/a><\/div>\n\t\t\t<\/div>\n\t\t\t<\/div><div class=\"et_d4_element et_pb_column_1_4 et_pb_column et_pb_column_6  et_pb_css_mix_blend_mode et-last-child et_block_column\">\n\t\t\t\t\n\t\t\t\t\n\t\t\t\t\n\t\t\t\t\n\t\t\t\t<div class=\"et_pb_module et_d4_element et_pb_cta_3 et_pb_promo  et_pb_text_align_center et_pb_bg_layout_dark\">\n\t\t\t\t\n\t\t\t\t\n\t\t\t\t\n\t\t\t\t\n\t\t\t\t<div class=\"et_pb_promo_description\"><h2 class=\"et_pb_module_header\">A Godmother and a Godfather!<\/h2><div><p><span style=\"color: #000000;\">Prune and Gilles<\/span><br \/><span style=\"color: #000000;\">de Maistre<\/span><\/p><\/div><\/div>\n\t\t\t\t<div class=\"et_pb_button_wrapper\"><a class=\"et_pb_button et_pb_promo_button\" href=\"https:\/\/fifes.org\/en\/a-godmother-and-a-godfather\/\">See<\/a><\/div>\n\t\t\t<\/div>\n\t\t\t<\/div>\n\t\t\t\t\n\t\t\t\t\n\t\t\t\t\n\t\t\t\t\n\t\t\t<\/div><div class=\"et_d4_element et_pb_row et_pb_row_3  et_pb_css_mix_blend_mode et_block_row\">\n\t\t\t\t<div class=\"et_d4_element et_pb_column_4_4 et_pb_column et_pb_column_7  et_pb_css_mix_blend_mode et-last-child et_block_column\">\n\t\t\t\t\n\t\t\t\t\n\t\t\t\t\n\t\t\t\t\n\t\t\t\t<div class=\"et_pb_module et_d4_element et_pb_image et_pb_image_3\">\n\t\t\t\t\n\t\t\t\t\n\t\t\t\t\n\t\t\t\t\n\t\t\t\t<span class=\"et_pb_image_wrap \"><img loading=\"lazy\" decoding=\"async\" width=\"2400\" height=\"1600\" src=\"\/wp-content\/uploads\/2024\/03\/23_06_03n174323-3121-entre-tes-mains.jpeg\" alt=\"\" title=\"23_06_03n174323-3121-entre-tes-mains\" srcset=\"https:\/\/fifes.org\/wp-content\/uploads\/2024\/03\/23_06_03n174323-3121-entre-tes-mains.jpeg 2400w, https:\/\/fifes.org\/wp-content\/uploads\/2024\/03\/23_06_03n174323-3121-entre-tes-mains-1280x853.jpeg 1280w, https:\/\/fifes.org\/wp-content\/uploads\/2024\/03\/23_06_03n174323-3121-entre-tes-mains-980x653.jpeg 980w, https:\/\/fifes.org\/wp-content\/uploads\/2024\/03\/23_06_03n174323-3121-entre-tes-mains-480x320.jpeg 480w\" sizes=\"(min-width: 0px) and (max-width: 480px) 480px, (min-width: 481px) and (max-width: 980px) 980px, (min-width: 981px) and (max-width: 1280px) 1280px, (min-width: 1281px) 2400px, 100vw\" class=\"wp-image-5451\" \/><\/span>\n\t\t\t<\/div>\n\t\t\t<\/div>\n\t\t\t\t\n\t\t\t\t\n\t\t\t\t\n\t\t\t\t\n\t\t\t<\/div>\n\t\t\t\t\n\t\t\t\t\n\t\t\t<\/div><\/p>\n","protected":false},"excerpt":{"rendered":"","protected":false},"author":6,"featured_media":0,"parent":0,"menu_order":0,"comment_status":"closed","ping_status":"closed","template":"","meta":{"_price":"","_stock":"","_tribe_ticket_header":"","_tribe_default_ticket_provider":"","_tribe_ticket_capacity":"0","_ticket_start_date":"","_ticket_end_date":"","_tribe_ticket_show_description":"","_tribe_ticket_show_not_going":false,"_tribe_ticket_use_global_stock":"","_tribe_ticket_global_stock_level":"","_global_stock_mode":"","_global_stock_cap":"","_tribe_rsvp_for_event":"","_tribe_ticket_going_count":"","_tribe_ticket_not_going_count":"","_tribe_tickets_list":"[]","_tribe_ticket_has_attendee_info_fields":false,"_et_pb_use_builder":"on","_et_pb_old_content":"","_et_gb_content_width":"","footnotes":"","_tec_slr_enabled":"","_tec_slr_layout":""},"class_list":["post-6510","page","type-page","status-publish","hentry"],"yoast_head":"<!-- This site is optimized with the Yoast SEO plugin v27.4 - https:\/\/yoast.com\/product\/yoast-seo-wordpress\/ -->\n<title>Edition #4 - Presentation - Fifes - Festival Internation du Film Ecologique et Social<\/title>\n<meta name=\"robots\" content=\"index, follow, max-snippet:-1, max-image-preview:large, max-video-preview:-1\" \/>\n<link rel=\"canonical\" href=\"https:\/\/fifes.org\/en\/edition-4-presentation\/\" \/>\n<meta property=\"og:locale\" content=\"en_US\" \/>\n<meta property=\"og:type\" content=\"article\" \/>\n<meta property=\"og:title\" content=\"Edition #4 - Presentation - Fifes - Festival Internation du Film Ecologique et Social\" \/>\n<meta property=\"og:url\" content=\"https:\/\/fifes.org\/en\/edition-4-presentation\/\" \/>\n<meta property=\"og:site_name\" content=\"Fifes - Festival Internation du Film Ecologique et Social\" \/>\n<meta property=\"article:publisher\" content=\"https:\/\/www.facebook.com\/fifescannes\" \/>\n<meta property=\"article:modified_time\" content=\"2025-05-14T17:35:17+00:00\" \/>\n<meta name=\"twitter:card\" content=\"summary_large_image\" \/>\n<meta name=\"twitter:label1\" content=\"Est. reading time\" \/>\n\t<meta name=\"twitter:data1\" content=\"6 minutes\" \/>\n<script type=\"application\/ld+json\" class=\"yoast-schema-graph\">{\"@context\":\"https:\\\/\\\/schema.org\",\"@graph\":[{\"@type\":\"WebPage\",\"@id\":\"https:\\\/\\\/fifes.org\\\/en\\\/edition-4-presentation\\\/\",\"url\":\"https:\\\/\\\/fifes.org\\\/en\\\/edition-4-presentation\\\/\",\"name\":\"Edition #4 - Presentation - Fifes - Festival Internation du Film Ecologique et Social\",\"isPartOf\":{\"@id\":\"https:\\\/\\\/fifes.org\\\/#website\"},\"datePublished\":\"2024-03-30T11:13:32+00:00\",\"dateModified\":\"2025-05-14T17:35:17+00:00\",\"breadcrumb\":{\"@id\":\"https:\\\/\\\/fifes.org\\\/en\\\/edition-4-presentation\\\/#breadcrumb\"},\"inLanguage\":\"en-US\",\"potentialAction\":[{\"@type\":\"ReadAction\",\"target\":[\"https:\\\/\\\/fifes.org\\\/en\\\/edition-4-presentation\\\/\"]}]},{\"@type\":\"BreadcrumbList\",\"@id\":\"https:\\\/\\\/fifes.org\\\/en\\\/edition-4-presentation\\\/#breadcrumb\",\"itemListElement\":[{\"@type\":\"ListItem\",\"position\":1,\"name\":\"Accueil\",\"item\":\"https:\\\/\\\/fifes.org\\\/en\\\/\"},{\"@type\":\"ListItem\",\"position\":2,\"name\":\"Edition #4 &#8211; Presentation\"}]},{\"@type\":\"WebSite\",\"@id\":\"https:\\\/\\\/fifes.org\\\/#website\",\"url\":\"https:\\\/\\\/fifes.org\\\/\",\"name\":\"Fifes - Festival Internation du Film Ecologique et Social\",\"description\":\"Venez \u00e0 la rencontre d\u2019un festival qui vous ressemble et qui nous rassemble !\",\"publisher\":{\"@id\":\"https:\\\/\\\/fifes.org\\\/#organization\"},\"alternateName\":\"F.I.F.E.S.\",\"potentialAction\":[{\"@type\":\"SearchAction\",\"target\":{\"@type\":\"EntryPoint\",\"urlTemplate\":\"https:\\\/\\\/fifes.org\\\/?s={search_term_string}\"},\"query-input\":{\"@type\":\"PropertyValueSpecification\",\"valueRequired\":true,\"valueName\":\"search_term_string\"}}],\"inLanguage\":\"en-US\"},{\"@type\":\"Organization\",\"@id\":\"https:\\\/\\\/fifes.org\\\/#organization\",\"name\":\"Festival International du Film Ecologique et Social\",\"alternateName\":\"F.I.F.E.S.\",\"url\":\"https:\\\/\\\/fifes.org\\\/\",\"logo\":{\"@type\":\"ImageObject\",\"inLanguage\":\"en-US\",\"@id\":\"https:\\\/\\\/fifes.org\\\/#\\\/schema\\\/logo\\\/image\\\/\",\"url\":\"https:\\\/\\\/fifes.org\\\/wp-content\\\/uploads\\\/2022\\\/12\\\/Logo-2023-480px-e1671803170434.png\",\"contentUrl\":\"https:\\\/\\\/fifes.org\\\/wp-content\\\/uploads\\\/2022\\\/12\\\/Logo-2023-480px-e1671803170434.png\",\"width\":200,\"height\":188,\"caption\":\"Festival International du Film Ecologique et Social\"},\"image\":{\"@id\":\"https:\\\/\\\/fifes.org\\\/#\\\/schema\\\/logo\\\/image\\\/\"},\"sameAs\":[\"https:\\\/\\\/www.facebook.com\\\/fifescannes\",\"https:\\\/\\\/www.instagram.com\\\/fifescannes\\\/?hl=fr\"]}]}<\/script>\n<!-- \/ Yoast SEO plugin. -->","yoast_head_json":{"title":"Edition #4 - Presentation - Fifes - Festival Internation du Film Ecologique et Social","robots":{"index":"index","follow":"follow","max-snippet":"max-snippet:-1","max-image-preview":"max-image-preview:large","max-video-preview":"max-video-preview:-1"},"canonical":"https:\/\/fifes.org\/en\/edition-4-presentation\/","og_locale":"en_US","og_type":"article","og_title":"Edition #4 - Presentation - Fifes - Festival Internation du Film Ecologique et Social","og_url":"https:\/\/fifes.org\/en\/edition-4-presentation\/","og_site_name":"Fifes - Festival Internation du Film Ecologique et Social","article_publisher":"https:\/\/www.facebook.com\/fifescannes","article_modified_time":"2025-05-14T17:35:17+00:00","twitter_card":"summary_large_image","twitter_misc":{"Est. reading time":"6 minutes"},"schema":{"@context":"https:\/\/schema.org","@graph":[{"@type":"WebPage","@id":"https:\/\/fifes.org\/en\/edition-4-presentation\/","url":"https:\/\/fifes.org\/en\/edition-4-presentation\/","name":"Edition #4 - Presentation - Fifes - Festival Internation du Film Ecologique et Social","isPartOf":{"@id":"https:\/\/fifes.org\/#website"},"datePublished":"2024-03-30T11:13:32+00:00","dateModified":"2025-05-14T17:35:17+00:00","breadcrumb":{"@id":"https:\/\/fifes.org\/en\/edition-4-presentation\/#breadcrumb"},"inLanguage":"en-US","potentialAction":[{"@type":"ReadAction","target":["https:\/\/fifes.org\/en\/edition-4-presentation\/"]}]},{"@type":"BreadcrumbList","@id":"https:\/\/fifes.org\/en\/edition-4-presentation\/#breadcrumb","itemListElement":[{"@type":"ListItem","position":1,"name":"Accueil","item":"https:\/\/fifes.org\/en\/"},{"@type":"ListItem","position":2,"name":"Edition #4 &#8211; Presentation"}]},{"@type":"WebSite","@id":"https:\/\/fifes.org\/#website","url":"https:\/\/fifes.org\/","name":"Fifes - Festival Internation du Film Ecologique et Social","description":"Venez \u00e0 la rencontre d\u2019un festival qui vous ressemble et qui nous rassemble !","publisher":{"@id":"https:\/\/fifes.org\/#organization"},"alternateName":"F.I.F.E.S.","potentialAction":[{"@type":"SearchAction","target":{"@type":"EntryPoint","urlTemplate":"https:\/\/fifes.org\/?s={search_term_string}"},"query-input":{"@type":"PropertyValueSpecification","valueRequired":true,"valueName":"search_term_string"}}],"inLanguage":"en-US"},{"@type":"Organization","@id":"https:\/\/fifes.org\/#organization","name":"Festival International du Film Ecologique et Social","alternateName":"F.I.F.E.S.","url":"https:\/\/fifes.org\/","logo":{"@type":"ImageObject","inLanguage":"en-US","@id":"https:\/\/fifes.org\/#\/schema\/logo\/image\/","url":"https:\/\/fifes.org\/wp-content\/uploads\/2022\/12\/Logo-2023-480px-e1671803170434.png","contentUrl":"https:\/\/fifes.org\/wp-content\/uploads\/2022\/12\/Logo-2023-480px-e1671803170434.png","width":200,"height":188,"caption":"Festival International du Film Ecologique et Social"},"image":{"@id":"https:\/\/fifes.org\/#\/schema\/logo\/image\/"},"sameAs":["https:\/\/www.facebook.com\/fifescannes","https:\/\/www.instagram.com\/fifescannes\/?hl=fr"]}]}},"ticketed":false,"_links":{"self":[{"href":"https:\/\/fifes.org\/en\/wp-json\/wp\/v2\/pages\/6510","targetHints":{"allow":["GET"]}}],"collection":[{"href":"https:\/\/fifes.org\/en\/wp-json\/wp\/v2\/pages"}],"about":[{"href":"https:\/\/fifes.org\/en\/wp-json\/wp\/v2\/types\/page"}],"author":[{"embeddable":true,"href":"https:\/\/fifes.org\/en\/wp-json\/wp\/v2\/users\/6"}],"replies":[{"embeddable":true,"href":"https:\/\/fifes.org\/en\/wp-json\/wp\/v2\/comments?post=6510"}],"version-history":[{"count":10,"href":"https:\/\/fifes.org\/en\/wp-json\/wp\/v2\/pages\/6510\/revisions"}],"predecessor-version":[{"id":11288,"href":"https:\/\/fifes.org\/en\/wp-json\/wp\/v2\/pages\/6510\/revisions\/11288"}],"wp:attachment":[{"href":"https:\/\/fifes.org\/en\/wp-json\/wp\/v2\/media?parent=6510"}],"curies":[{"name":"wp","href":"https:\/\/api.w.org\/{rel}","templated":true}]}}