{"id":6365,"date":"2024-04-25T17:35:11","date_gmt":"2024-04-25T15:35:11","guid":{"rendered":"https:\/\/fifes.org\/opening-ceremony\/"},"modified":"2026-01-14T21:16:15","modified_gmt":"2026-01-14T20:16:15","slug":"opening-ceremony","status":"publish","type":"page","link":"https:\/\/fifes.org\/en\/opening-ceremony\/","title":{"rendered":"Opening ceremony"},"content":{"rendered":"<p><div class=\"et_d4_element et_pb_section et_pb_section_0 et_pb_with_background  et_pb_css_mix_blend_mode et_section_regular et_block_section\" >\n\t\t\t\t\n\t\t\t\t\n\t\t\t\t\n\t\t\t\t\n\t\t\t\t\n\t\t\t\t\n\t\t\t\t<div class=\"et_d4_element et_pb_row et_pb_row_0  et_pb_css_mix_blend_mode et_block_row\">\n\t\t\t\t<div class=\"et_d4_element et_pb_column_4_4 et_pb_column et_pb_column_0  et_pb_css_mix_blend_mode et-last-child et_block_column\">\n\t\t\t\t\n\t\t\t\t\n\t\t\t\t\n\t\t\t\t\n\t\t\t\t<div class=\"et_pb_module et_d4_element et_pb_text et_pb_text_0  et_pb_text_align_left et_pb_bg_layout_light\">\n\t\t\t\t\n\t\t\t\t\n\t\t\t\t\n\t\t\t\t\n\t\t\t\t<div class=\"et_pb_text_inner\"><h1 style=\"text-align: center;\"><span style=\"color: #ffffff;\"><strong>Opening ceremony<br \/><\/strong><\/span><\/h1>\n<p style=\"text-align: center;\"><span style=\"color: #000000;\"><strong><span class=\"OYPEnA text-decoration-none text-strikethrough-none\" style=\"font-weight: bold; font-style: normal;\"><span style=\"color: #ffffff;\">Thursday, May 30 <span class=\"ql-cursor\"><\/span> 2024 - Place de la Castre - Free admission<\/span><br \/><\/span><\/strong><\/span><\/p><\/div>\n\t\t\t<\/div>\n\t\t\t<\/div>\n\t\t\t\t\n\t\t\t\t\n\t\t\t\t\n\t\t\t\t\n\t\t\t<\/div>\n\t\t\t\t\n\t\t\t\t\n\t\t\t<\/div><div class=\"et_d4_element et_pb_section et_pb_section_1  et_pb_css_mix_blend_mode et_section_regular et_block_section\" >\n\t\t\t\t\n\t\t\t\t\n\t\t\t\t\n\t\t\t\t\n\t\t\t\t\n\t\t\t\t\n\t\t\t\t<div class=\"et_d4_element et_pb_row et_pb_row_1  et_pb_css_mix_blend_mode et_block_row\">\n\t\t\t\t<div class=\"et_d4_element et_pb_column_4_4 et_pb_column et_pb_column_1  et_pb_css_mix_blend_mode et-last-child et_block_column\">\n\t\t\t\t\n\t\t\t\t\n\t\t\t\t\n\t\t\t\t\n\t\t\t\t<div class=\"et_pb_module et_d4_element et_pb_text et_pb_text_1  et_pb_text_align_left et_pb_bg_layout_light\">\n\t\t\t\t\n\t\t\t\t\n\t\t\t\t\n\t\t\t\t\n\t\t\t\t<div class=\"et_pb_text_inner\"><p><span style=\"color: #000000;\">To open this 4th edition of the festival, the Opening Ceremony, hosted by S\u00e9bastien Fouillade,  <\/span><span style=\"color: #000000;\">will be held on May 30 from 6:00 pm, in the open air on Place de la Castre, in Le Suquet. The Mecca of  <\/span><span style=\"color: #000000;\">Cannes' cultural heritage, this historic site offers breathtaking views of the bay, the town, the Croisette <\/span><span style=\"color: #000000;\">Croisette and the L\u00e9rins Islands.<\/span><\/p><\/div>\n\t\t\t<\/div>\n\t\t\t<\/div>\n\t\t\t\t\n\t\t\t\t\n\t\t\t\t\n\t\t\t\t\n\t\t\t<\/div><div class=\"et_d4_element et_pb_row et_pb_row_2  et_pb_css_mix_blend_mode et_block_row\">\n\t\t\t\t<div class=\"et_d4_element et_pb_column_1_3 et_pb_column et_pb_column_2  et_pb_css_mix_blend_mode et_block_column\">\n\t\t\t\t\n\t\t\t\t\n\t\t\t\t\n\t\t\t\t\n\t\t\t\t<div class=\"et_pb_module et_d4_element et_pb_image et_pb_image_0\">\n\t\t\t\t\n\t\t\t\t\n\t\t\t\t\n\t\t\t\t\n\t\t\t\t<span class=\"et_pb_image_wrap \"><img loading=\"lazy\" decoding=\"async\" width=\"2560\" height=\"1707\" src=\"\/wp-content\/uploads\/2024\/03\/fullsizeoutput_4bfe-scaled.jpeg\" alt=\"\" title=\"fullsizeoutput_4bfe\" srcset=\"https:\/\/fifes.org\/wp-content\/uploads\/2024\/03\/fullsizeoutput_4bfe-scaled.jpeg 2560w, https:\/\/fifes.org\/wp-content\/uploads\/2024\/03\/fullsizeoutput_4bfe-1280x854.jpeg 1280w, https:\/\/fifes.org\/wp-content\/uploads\/2024\/03\/fullsizeoutput_4bfe-980x653.jpeg 980w, https:\/\/fifes.org\/wp-content\/uploads\/2024\/03\/fullsizeoutput_4bfe-480x320.jpeg 480w\" sizes=\"(min-width: 0px) and (max-width: 480px) 480px, (min-width: 481px) and (max-width: 980px) 980px, (min-width: 981px) and (max-width: 1280px) 1280px, (min-width: 1281px) 2560px, 100vw\" class=\"wp-image-5429\" \/><\/span>\n\t\t\t<\/div>\n\t\t\t<\/div><div class=\"et_d4_element et_pb_column_1_3 et_pb_column et_pb_column_3  et_pb_css_mix_blend_mode et_block_column\">\n\t\t\t\t\n\t\t\t\t\n\t\t\t\t\n\t\t\t\t\n\t\t\t\t<div class=\"et_pb_module et_d4_element et_pb_image et_pb_image_1\">\n\t\t\t\t\n\t\t\t\t\n\t\t\t\t\n\t\t\t\t\n\t\t\t\t<span class=\"et_pb_image_wrap \"><img loading=\"lazy\" decoding=\"async\" width=\"2400\" height=\"1600\" src=\"\/wp-content\/uploads\/2024\/03\/23_06_01n210352-7232.jpeg\" alt=\"\" title=\"23_06_01n210352-7232\" srcset=\"https:\/\/fifes.org\/wp-content\/uploads\/2024\/03\/23_06_01n210352-7232.jpeg 2400w, https:\/\/fifes.org\/wp-content\/uploads\/2024\/03\/23_06_01n210352-7232-1280x853.jpeg 1280w, https:\/\/fifes.org\/wp-content\/uploads\/2024\/03\/23_06_01n210352-7232-980x653.jpeg 980w, https:\/\/fifes.org\/wp-content\/uploads\/2024\/03\/23_06_01n210352-7232-480x320.jpeg 480w\" sizes=\"(min-width: 0px) and (max-width: 480px) 480px, (min-width: 481px) and (max-width: 980px) 980px, (min-width: 981px) and (max-width: 1280px) 1280px, (min-width: 1281px) 2400px, 100vw\" class=\"wp-image-5381\" \/><\/span>\n\t\t\t<\/div>\n\t\t\t<\/div><div class=\"et_d4_element et_pb_column_1_3 et_pb_column et_pb_column_4  et_pb_css_mix_blend_mode et-last-child et_block_column\">\n\t\t\t\t\n\t\t\t\t\n\t\t\t\t\n\t\t\t\t\n\t\t\t\t<div class=\"et_pb_module et_d4_element et_pb_image et_pb_image_2\">\n\t\t\t\t\n\t\t\t\t\n\t\t\t\t\n\t\t\t\t\n\t\t\t\t<span class=\"et_pb_image_wrap \"><img loading=\"lazy\" decoding=\"async\" width=\"2400\" height=\"1600\" src=\"\/wp-content\/uploads\/2024\/03\/23_06_01n202955-7211.jpeg\" alt=\"\" title=\"23_06_01n202955-7211\" srcset=\"https:\/\/fifes.org\/wp-content\/uploads\/2024\/03\/23_06_01n202955-7211.jpeg 2400w, https:\/\/fifes.org\/wp-content\/uploads\/2024\/03\/23_06_01n202955-7211-1280x853.jpeg 1280w, https:\/\/fifes.org\/wp-content\/uploads\/2024\/03\/23_06_01n202955-7211-980x653.jpeg 980w, https:\/\/fifes.org\/wp-content\/uploads\/2024\/03\/23_06_01n202955-7211-480x320.jpeg 480w\" sizes=\"(min-width: 0px) and (max-width: 480px) 480px, (min-width: 481px) and (max-width: 980px) 980px, (min-width: 981px) and (max-width: 1280px) 1280px, (min-width: 1281px) 2400px, 100vw\" class=\"wp-image-5469\" \/><\/span>\n\t\t\t<\/div>\n\t\t\t<\/div>\n\t\t\t\t\n\t\t\t\t\n\t\t\t\t\n\t\t\t\t\n\t\t\t<\/div><div class=\"et_d4_element et_pb_row et_pb_row_3  et_pb_css_mix_blend_mode et_block_row\">\n\t\t\t\t<div class=\"et_d4_element et_pb_column_4_4 et_pb_column et_pb_column_5  et_pb_css_mix_blend_mode et-last-child et_block_column\">\n\t\t\t\t\n\t\t\t\t\n\t\t\t\t\n\t\t\t\t\n\t\t\t\t<div class=\"et_pb_module et_d4_element et_pb_text et_pb_text_2  et_pb_text_align_left et_pb_bg_layout_light\">\n\t\t\t\t\n\t\t\t\t\n\t\t\t\t\n\t\t\t\t\n\t\t\t\t<div class=\"et_pb_text_inner\"><h2 style=\"text-align: center;\"><span style=\"color: #000000;\"><span style=\"color: #002bc4;\"><strong>6:15pm - Storytelling show - David Razon<\/strong><\/span><\/span><\/h2><\/div>\n\t\t\t<\/div>\n\t\t\t<\/div>\n\t\t\t\t\n\t\t\t\t\n\t\t\t\t\n\t\t\t\t\n\t\t\t<\/div><div class=\"et_d4_element et_pb_row et_pb_row_4  et_pb_css_mix_blend_mode et_block_row\">\n\t\t\t\t<div class=\"et_d4_element et_pb_column_2_5 et_pb_column et_pb_column_6  et_pb_css_mix_blend_mode et_block_column\">\n\t\t\t\t\n\t\t\t\t\n\t\t\t\t\n\t\t\t\t\n\t\t\t\t<div class=\"et_pb_module et_d4_element et_pb_image et_pb_image_3\">\n\t\t\t\t\n\t\t\t\t\n\t\t\t\t\n\t\t\t\t\n\t\t\t\t<span class=\"et_pb_image_wrap \"><img loading=\"lazy\" decoding=\"async\" width=\"652\" height=\"457\" src=\"\/wp-content\/uploads\/2024\/04\/Quel_est_le_point_commun_entre_des_skis_et_des_crayons__Le_festival_de_la_BD_a_Valberg__-_Nice-Matin.jpg\" alt=\"\" title=\"What_is_the_common_point_between_skis_and_pencils__The_BD_festival_in_Valberg__-_Nice-Matin\" srcset=\"https:\/\/fifes.org\/wp-content\/uploads\/2024\/04\/Quel_est_le_point_commun_entre_des_skis_et_des_crayons__Le_festival_de_la_BD_a_Valberg__-_Nice-Matin.jpg 652w, https:\/\/fifes.org\/wp-content\/uploads\/2024\/04\/Quel_est_le_point_commun_entre_des_skis_et_des_crayons__Le_festival_de_la_BD_a_Valberg__-_Nice-Matin-480x336.jpg 480w\" sizes=\"(min-width: 0px) and (max-width: 480px) 480px, (min-width: 481px) 652px, 100vw\" class=\"wp-image-6029\" \/><\/span>\n\t\t\t<\/div>\n\t\t\t<\/div><div class=\"et_d4_element et_pb_column_3_5 et_pb_column et_pb_column_7  et_pb_css_mix_blend_mode et-last-child et_block_column\">\n\t\t\t\t\n\t\t\t\t\n\t\t\t\t\n\t\t\t\t\n\t\t\t\t<div class=\"et_pb_module et_d4_element et_pb_text et_pb_text_3  et_pb_text_align_left et_pb_bg_layout_light\">\n\t\t\t\t\n\t\t\t\t\n\t\t\t\t\n\t\t\t\t\n\t\t\t\t<div class=\"et_pb_text_inner\"><p style=\"text-align: justify;\"><span style=\"color: #000000;\">David Razon is a French storyteller, educator, masseur, painter, photographer and traveler whose work focuses on the transformative power of words, images and positive intentions. David Razon's work focuses on the transformative power of words, images and positive intentions. Deeply influenced by \"invisible\" communication learned from his disabled mother, David has developed a unique approach to storytelling, using it as a tool to teach, inspire and heal. David's tales help teenagers to open up, adults to reconnect with their emotions, and the elderly to smile again. Its approach goes beyond mere entertainment, aiming to awaken awareness and encourage deeper reflection on life and its challenges. David combines different approaches: massage, Taoist martial arts, trance dance, breath work, dance and singing. The study of shamanism enabled him to participate in vision quests with the Navajos, reinforcing his belief in the power of mind and body in motion. David Razon continues to share his stories and teachings, convinced that everyone can transform their lives through changed perception and a commitment to happiness.<\/span><\/p><\/div>\n\t\t\t<\/div>\n\t\t\t<\/div>\n\t\t\t\t\n\t\t\t\t\n\t\t\t\t\n\t\t\t\t\n\t\t\t<\/div><div class=\"et_d4_element et_pb_row et_pb_row_5  et_pb_css_mix_blend_mode et_block_row\">\n\t\t\t\t<div class=\"et_d4_element et_pb_column_4_4 et_pb_column et_pb_column_8  et_pb_css_mix_blend_mode et-last-child et_block_column\">\n\t\t\t\t\n\t\t\t\t\n\t\t\t\t\n\t\t\t\t\n\t\t\t\t<div class=\"et_pb_module et_d4_element et_pb_text et_pb_text_4  et_pb_text_align_left et_pb_bg_layout_light\">\n\t\t\t\t\n\t\t\t\t\n\t\t\t\t\n\t\t\t\t\n\t\t\t\t<div class=\"et_pb_text_inner\"><h2 style=\"text-align: center;\"><span style=\"color: #000000;\"><span style=\"color: #002bc4;\"><strong>7pm - Cocktail reception with music - Chefs Victor Brandi &amp; Simon Duval<\/strong><\/span><\/span><span style=\"color: #000000;\"><span style=\"color: #002bc4;\"><strong><br \/><\/strong><\/span><\/span><\/h2><\/div>\n\t\t\t<\/div>\n\t\t\t<\/div>\n\t\t\t\t\n\t\t\t\t\n\t\t\t\t\n\t\t\t\t\n\t\t\t<\/div><div class=\"et_d4_element et_pb_row et_pb_row_6  et_pb_css_mix_blend_mode et_block_row\">\n\t\t\t\t<div class=\"et_d4_element et_pb_column_2_5 et_pb_column et_pb_column_9  et_pb_css_mix_blend_mode et_block_column\">\n\t\t\t\t\n\t\t\t\t\n\t\t\t\t\n\t\t\t\t\n\t\t\t\t<div class=\"et_pb_module et_d4_element et_pb_image et_pb_image_4\">\n\t\t\t\t\n\t\t\t\t\n\t\t\t\t\n\t\t\t\t\n\t\t\t\t<span class=\"et_pb_image_wrap \"><img loading=\"lazy\" decoding=\"async\" width=\"668\" height=\"591\" src=\"\/wp-content\/uploads\/2024\/04\/victor_brandi_-_Recherche_Google.jpg\" alt=\"\" title=\"victor_brandi\" srcset=\"https:\/\/fifes.org\/wp-content\/uploads\/2024\/04\/victor_brandi_-_Recherche_Google.jpg 668w, https:\/\/fifes.org\/wp-content\/uploads\/2024\/04\/victor_brandi_-_Recherche_Google-480x425.jpg 480w\" sizes=\"(min-width: 0px) and (max-width: 480px) 480px, (min-width: 481px) 668px, 100vw\" class=\"wp-image-6276\" \/><\/span>\n\t\t\t<\/div>\n\t\t\t<\/div><div class=\"et_d4_element et_pb_column_3_5 et_pb_column et_pb_column_10  et_pb_css_mix_blend_mode et-last-child et_block_column\">\n\t\t\t\t\n\t\t\t\t\n\t\t\t\t\n\t\t\t\t\n\t\t\t\t<div class=\"et_pb_module et_d4_element et_pb_text et_pb_text_5  et_pb_text_align_left et_pb_bg_layout_light\">\n\t\t\t\t\n\t\t\t\t\n\t\t\t\t\n\t\t\t\t\n\t\t\t\t<div class=\"et_pb_text_inner\"><p style=\"text-align: justify;\"> <span style=\"color: #000000;\"><strong> Victor Brandi<\/strong> is a distinguished Brazilian chef, renowned for his passion for quality products and his commitment to sustainable cuisine. <\/span><span style=\"color: #000000;\">Trained by Japanese chefs, he perfected the art of preparing fish before working in the kitchens of Michelin-starred restaurants such as H\u00f4tel de la Poste Fr\u00e9d\u00e9ric Doucet in Burgundy and Villa Archange on the C\u00f4te d'Azur.<\/span><\/p>\n<p style=\"text-align: justify;\"><span style=\"color: #000000;\">In 2016, Victor opened the Brasilia restaurant, which quickly captured attention with its innovative recipes. He also co-founded the Babel Babel restaurant in Nice, after training in Lebanese cuisine in Beirut. Passionate about fermentation, he excels in the creation of artisan breads and lacto-fermented preserves, affirming his role as an avant-garde chef in the field of responsible gastronomy.<\/span><\/p>\n<p style=\"text-align: justify;\"><span style=\"color: #000000;\"><strong>Simon Duval<\/strong> is a distinguished French chef renowned for his passion for Ayurvedic cuisine. \"My raison d'\u00eatre focuses on digestive system prevention and the transmission of Ayurvedic influences in a modernized, Westernized way, bringing together ethical and ancestral cuisine. My various travels have enabled me to refine my creations and seasonings, which to this day are the signature of a colorful, healthy organic cuisine, filled with love and intentions turned towards body and mind.\"<\/span><\/p>\n<p style=\"text-align: justify;\"><span style=\"color: #000000;\"><\/span><\/p><\/div>\n\t\t\t<\/div><div class=\"et_pb_button_module_wrapper et_pb_button_0_wrapper  et_pb_module \">\n\t\t\t\t<a class=\"et_pb_button et_d4_element et_pb_button_0 et_pb_bg_layout_light et_block_module\" href=\"https:\/\/forms.gle\/QJvukxKLUfWL3YrR9\">Book your meal  <\/a>\n\t\t\t<\/div>\n\t\t\t<\/div>\n\t\t\t\t\n\t\t\t\t\n\t\t\t\t\n\t\t\t\t\n\t\t\t<\/div><div class=\"et_d4_element et_pb_row et_pb_row_7  et_pb_css_mix_blend_mode et_block_row\">\n\t\t\t\t<div class=\"et_d4_element et_pb_column_4_4 et_pb_column et_pb_column_11  et_pb_css_mix_blend_mode et-last-child et_block_column\">\n\t\t\t\t\n\t\t\t\t\n\t\t\t\t\n\t\t\t\t\n\t\t\t\t<div class=\"et_pb_module et_d4_element et_pb_text et_pb_text_6  et_pb_text_align_left et_pb_bg_layout_light\">\n\t\t\t\t\n\t\t\t\t\n\t\t\t\t\n\t\t\t\t\n\t\t\t\t<div class=\"et_pb_text_inner\"><h2 style=\"text-align: center;\"><span style=\"color: #000000;\"><span style=\"color: #002bc4;\"><strong>8pm - Conference <em>The human impacts of climate change<\/em> - Fran\u00e7ois Gemenne<br \/><\/strong><\/span><\/span><\/h2><\/div>\n\t\t\t<\/div>\n\t\t\t<\/div>\n\t\t\t\t\n\t\t\t\t\n\t\t\t\t\n\t\t\t\t\n\t\t\t<\/div><div class=\"et_d4_element et_pb_row et_pb_row_8  et_pb_css_mix_blend_mode et_block_row\">\n\t\t\t\t<div class=\"et_d4_element et_pb_column_2_5 et_pb_column et_pb_column_12  et_pb_css_mix_blend_mode et_block_column\">\n\t\t\t\t\n\t\t\t\t\n\t\t\t\t\n\t\t\t\t\n\t\t\t\t<div class=\"et_pb_module et_d4_element et_pb_image et_pb_image_5\">\n\t\t\t\t\n\t\t\t\t\n\t\t\t\t\n\t\t\t\t\n\t\t\t\t<span class=\"et_pb_image_wrap \"><img loading=\"lazy\" decoding=\"async\" width=\"1600\" height=\"1067\" src=\"\/wp-content\/uploads\/2024\/04\/Photo-Francois-Gemenne.jpg\" alt=\"\" title=\"Photo Fran\u00e7ois Gemenne\" srcset=\"https:\/\/fifes.org\/wp-content\/uploads\/2024\/04\/Photo-Francois-Gemenne.jpg 1600w, https:\/\/fifes.org\/wp-content\/uploads\/2024\/04\/Photo-Francois-Gemenne-1280x854.jpg 1280w, https:\/\/fifes.org\/wp-content\/uploads\/2024\/04\/Photo-Francois-Gemenne-980x654.jpg 980w, https:\/\/fifes.org\/wp-content\/uploads\/2024\/04\/Photo-Francois-Gemenne-480x320.jpg 480w\" sizes=\"(min-width: 0px) and (max-width: 480px) 480px, (min-width: 481px) and (max-width: 980px) 980px, (min-width: 981px) and (max-width: 1280px) 1280px, (min-width: 1281px) 1600px, 100vw\" class=\"wp-image-6033\" \/><\/span>\n\t\t\t<\/div>\n\t\t\t<\/div><div class=\"et_d4_element et_pb_column_3_5 et_pb_column et_pb_column_13  et_pb_css_mix_blend_mode et-last-child et_block_column\">\n\t\t\t\t\n\t\t\t\t\n\t\t\t\t\n\t\t\t\t\n\t\t\t\t<div class=\"et_pb_module et_d4_element et_pb_text et_pb_text_7  et_pb_text_align_left et_pb_bg_layout_light\">\n\t\t\t\t\n\t\t\t\t\n\t\t\t\t\n\t\t\t\t\n\t\t\t\t<div class=\"et_pb_text_inner\"><p style=\"text-align: justify;\"><span style=\"color: #000000;\"><strong>Co-author of the sixth IPCC report<\/strong>, and a specialist in environmental and climate migration issues, as well as policies for adapting to global warming, Fran\u00e7ois Gemenne makes no claim to exemplarity, nor to dictating to people how they should live their lives. He will explain why the situation is not hopeless and why every little action counts, and tell us about his book, <strong><br \/>\n  <em>Ecology is not a consensus<\/em><br \/>\n<\/strong>.  <br \/><\/span><span style=\"color: #000000;\">Although circumstances should lead to this, political ecology has failed to establish itself as the dominant political force of the 21st century. This book attempts to explain the reasons why this is not possible, and the limits of representative democracy in its ability to lead transformative policies for climate or biodiversity. Although representative democracy is a dead end, the situation is not hopeless: democracy cannot be reduced to elections, and the book shows how change can happen... without going through a \"green dictatorship\".<\/span><\/p><\/div>\n\t\t\t<\/div>\n\t\t\t<\/div>\n\t\t\t\t\n\t\t\t\t\n\t\t\t\t\n\t\t\t\t\n\t\t\t<\/div><div class=\"et_d4_element et_pb_row et_pb_row_9  et_pb_css_mix_blend_mode et_block_row\">\n\t\t\t\t<div class=\"et_d4_element et_pb_column_4_4 et_pb_column et_pb_column_14  et_pb_css_mix_blend_mode et-last-child et_block_column\">\n\t\t\t\t\n\t\t\t\t\n\t\t\t\t\n\t\t\t\t\n\t\t\t\t<div class=\"et_pb_module et_d4_element et_pb_text et_pb_text_8  et_pb_text_align_left et_pb_bg_layout_light\">\n\t\t\t\t\n\t\t\t\t\n\t\t\t\t\n\t\t\t\t\n\t\t\t\t<div class=\"et_pb_text_inner\"><h2 style=\"text-align: center;\"><span style=\"color: #000000;\"><span style=\"color: #002bc4;\"><strong>9:00 pm - Opening ceremony  <\/strong><\/span><\/span><\/h2><\/div>\n\t\t\t<\/div>\n\t\t\t<\/div>\n\t\t\t\t\n\t\t\t\t\n\t\t\t\t\n\t\t\t\t\n\t\t\t<\/div><div class=\"et_d4_element et_pb_row et_pb_row_10  et_pb_css_mix_blend_mode et_block_row\">\n\t\t\t\t<div class=\"et_d4_element et_pb_column_2_5 et_pb_column et_pb_column_15  et_pb_css_mix_blend_mode et_block_column\">\n\t\t\t\t\n\t\t\t\t\n\t\t\t\t\n\t\t\t\t\n\t\t\t\t<div class=\"et_pb_module et_d4_element et_pb_image et_pb_image_6\">\n\t\t\t\t\n\t\t\t\t\n\t\t\t\t\n\t\t\t\t\n\t\t\t\t<span class=\"et_pb_image_wrap \"><img loading=\"lazy\" decoding=\"async\" width=\"2560\" height=\"1920\" src=\"\/wp-content\/uploads\/2024\/04\/P2050651-scaled.jpg\" alt=\"\" title=\"P2050651\" srcset=\"https:\/\/fifes.org\/wp-content\/uploads\/2024\/04\/P2050651-scaled.jpg 2560w, https:\/\/fifes.org\/wp-content\/uploads\/2024\/04\/P2050651-1280x960.jpg 1280w, https:\/\/fifes.org\/wp-content\/uploads\/2024\/04\/P2050651-980x735.jpg 980w, https:\/\/fifes.org\/wp-content\/uploads\/2024\/04\/P2050651-480x360.jpg 480w\" sizes=\"(min-width: 0px) and (max-width: 480px) 480px, (min-width: 481px) and (max-width: 980px) 980px, (min-width: 981px) and (max-width: 1280px) 1280px, (min-width: 1281px) 2560px, 100vw\" class=\"wp-image-6031\" \/><\/span>\n\t\t\t<\/div><div class=\"et_pb_module et_d4_element et_pb_image et_pb_image_7\">\n\t\t\t\t\n\t\t\t\t\n\t\t\t\t\n\t\t\t\t\n\t\t\t\t<span class=\"et_pb_image_wrap \"><img loading=\"lazy\" decoding=\"async\" width=\"2560\" height=\"1920\" src=\"\/wp-content\/uploads\/2024\/04\/P2050651-scaled.jpg\" alt=\"\" title=\"P2050651\" srcset=\"https:\/\/fifes.org\/wp-content\/uploads\/2024\/04\/P2050651-scaled.jpg 2560w, https:\/\/fifes.org\/wp-content\/uploads\/2024\/04\/P2050651-1280x960.jpg 1280w, https:\/\/fifes.org\/wp-content\/uploads\/2024\/04\/P2050651-980x735.jpg 980w, https:\/\/fifes.org\/wp-content\/uploads\/2024\/04\/P2050651-480x360.jpg 480w\" sizes=\"(min-width: 0px) and (max-width: 480px) 480px, (min-width: 481px) and (max-width: 980px) 980px, (min-width: 981px) and (max-width: 1280px) 1280px, (min-width: 1281px) 2560px, 100vw\" class=\"wp-image-6031\" \/><\/span>\n\t\t\t<\/div>\n\t\t\t<\/div><div class=\"et_d4_element et_pb_column_3_5 et_pb_column et_pb_column_16  et_pb_css_mix_blend_mode et-last-child et_block_column\">\n\t\t\t\t\n\t\t\t\t\n\t\t\t\t\n\t\t\t\t\n\t\t\t\t<div class=\"et_pb_module et_d4_element et_pb_text et_pb_text_9  et_pb_text_align_left et_pb_bg_layout_light\">\n\t\t\t\t\n\t\t\t\t\n\t\t\t\t\n\t\t\t\t\n\t\t\t\t<div class=\"et_pb_text_inner\"><p class=\"cvGsUA direction-ltr align-justify para-style-body\"><span class=\"OYPEnA text-decoration-none text-strikethrough-none\">To open this 4th edition of the festival, the Opening Ceremony, hosted by <\/span><span class=\"OYPEnA text-decoration-none text-strikethrough-none\">S\u00e9bastien Fouillade<\/span><span class=\"OYPEnA text-decoration-none text-strikethrough-none\">,<\/span><span class=\"OYPEnA text-decoration-none text-strikethrough-none white-space-prewrap\"> <\/span><span class=\"OYPEnA text-decoration-none text-strikethrough-none\">will be held <\/span><span class=\"OYPEnA text-decoration-none text-strikethrough-none\">May 30 from 6:00 p.m.<\/span><span class=\"OYPEnA text-decoration-none text-strikethrough-none\">in the open air<\/span><span class=\"OYPEnA text-decoration-none text-strikethrough-none\"> Place de<\/span><span class=\"OYPEnA text-decoration-none text-strikethrough-none white-space-prewrap\"> <\/span><span class=\"OYPEnA text-decoration-none text-strikethrough-none\">la Castre<\/span><span class=\"OYPEnA text-decoration-none text-strikethrough-none\">Le Suquet. A landmark of Cannes' cultural heritage, this historic site offers breathtaking views over the bay, the town, the Croisette and the L\u00e9rins Islands. <\/span><\/p>\n<ul>\n<li><span class=\"OYPEnA text-decoration-none text-strikethrough-none\">17h00 <\/span><span class=\"OYPEnA text-decoration-none text-strikethrough-none\">Le March\u00e9 des cr\u00e9ateurs<\/span><span class=\"OYPEnA text-decoration-none text-strikethrough-none white-space-prewrap\"> <\/span><\/li>\n<li><span class=\"OYPEnA text-decoration-none text-strikethrough-none\">18h15 <\/span><span class=\"OYPEnA text-decoration-none text-strikethrough-none\">: <\/span><span class=\"OYPEnA text-decoration-none text-strikethrough-none\">Walking Trees <\/span><span class=\"OYPEnA text-decoration-none text-strikethrough-none\">by storyteller David Razon,<\/span><\/li>\n<li><span class=\"OYPEnA text-decoration-none text-strikethrough-none\">19h00<\/span><span class=\"OYPEnA text-decoration-none text-strikethrough-none\"> Cocktail reception with music, Calligramme by J.Besset<\/span><\/li>\n<li><span class=\"OYPEnA text-decoration-none text-strikethrough-none\">20h00<\/span><span class=\"OYPEnA text-decoration-none text-strikethrough-none\"> Lecture by Fran\u00e7ois Gemenne, co-author of the sixth IPCC report and a specialist in policies for adapting to global warming.<\/span><\/li>\n<li><span class=\"OYPEnA text-decoration-none text-strikethrough-none\">21h00<\/span><span class=\"OYPEnA text-decoration-none text-strikethrough-none\"> Opening ceremony<\/span><\/li>\n<li><span class=\"OYPEnA text-decoration-none text-strikethrough-none\">21h45<\/span><span class=\"OYPEnA text-decoration-none text-strikethrough-none\"> Screening of the Brazilian film <\/span><span class=\"OYPEnA text-decoration-none text-strikethrough-none\"><em>We are Guardians<\/em> <\/span><span class=\"OYPEnA text-decoration-none text-strikethrough-none\">on the preservation of the Amazon rainforest by indigenous peoples, followed by a debate.<\/span><\/li>\n<\/ul><\/div>\n\t\t\t<\/div>\n\t\t\t<\/div>\n\t\t\t\t\n\t\t\t\t\n\t\t\t\t\n\t\t\t\t\n\t\t\t<\/div><div class=\"et_d4_element et_pb_row et_pb_row_11  et_pb_css_mix_blend_mode et_block_row\">\n\t\t\t\t<div class=\"et_d4_element et_pb_column_4_4 et_pb_column et_pb_column_17  et_pb_css_mix_blend_mode et-last-child et_block_column\">\n\t\t\t\t\n\t\t\t\t\n\t\t\t\t\n\t\t\t\t\n\t\t\t\t<div class=\"et_pb_module et_d4_element et_pb_text et_pb_text_10  et_pb_text_align_left et_pb_bg_layout_light\">\n\t\t\t\t\n\t\t\t\t\n\t\t\t\t\n\t\t\t\t\n\t\t\t\t<div class=\"et_pb_text_inner\"><h2 style=\"text-align: center;\"><span style=\"color: #000000;\"><span style=\"color: #002bc4;\"><strong>9:45pm - Outdoor screening - <em>We are Guardians<\/em> - 90 min - Brazil - 2023<br \/><\/strong><\/span><\/span><\/h2><\/div>\n\t\t\t<\/div>\n\t\t\t<\/div>\n\t\t\t\t\n\t\t\t\t\n\t\t\t\t\n\t\t\t\t\n\t\t\t<\/div><div class=\"et_d4_element et_pb_row et_pb_row_12  et_pb_css_mix_blend_mode et_block_row\">\n\t\t\t\t<div class=\"et_d4_element et_pb_column_2_5 et_pb_column et_pb_column_18  et_pb_css_mix_blend_mode et_block_column\">\n\t\t\t\t\n\t\t\t\t\n\t\t\t\t\n\t\t\t\t\n\t\t\t\t<div class=\"et_pb_module et_d4_element et_pb_image et_pb_image_8\">\n\t\t\t\t\n\t\t\t\t\n\t\t\t\t\n\t\t\t\t\n\t\t\t\t<span class=\"et_pb_image_wrap \"><img loading=\"lazy\" decoding=\"async\" width=\"2500\" height=\"1406\" src=\"\/wp-content\/uploads\/2024\/04\/Visuel-We-are-Guardians.jpg\" alt=\"\" title=\"Visual We are Guardians\" srcset=\"https:\/\/fifes.org\/wp-content\/uploads\/2024\/04\/Visuel-We-are-Guardians.jpg 2500w, https:\/\/fifes.org\/wp-content\/uploads\/2024\/04\/Visuel-We-are-Guardians-1280x720.jpg 1280w, https:\/\/fifes.org\/wp-content\/uploads\/2024\/04\/Visuel-We-are-Guardians-980x551.jpg 980w, https:\/\/fifes.org\/wp-content\/uploads\/2024\/04\/Visuel-We-are-Guardians-480x270.jpg 480w\" sizes=\"(min-width: 0px) and (max-width: 480px) 480px, (min-width: 481px) and (max-width: 980px) 980px, (min-width: 981px) and (max-width: 1280px) 1280px, (min-width: 1281px) 2500px, 100vw\" class=\"wp-image-6037\" \/><\/span>\n\t\t\t<\/div>\n\t\t\t<\/div><div class=\"et_d4_element et_pb_column_3_5 et_pb_column et_pb_column_19  et_pb_css_mix_blend_mode et-last-child et_block_column\">\n\t\t\t\t\n\t\t\t\t\n\t\t\t\t\n\t\t\t\t\n\t\t\t\t<div class=\"et_pb_module et_d4_element et_pb_text et_pb_text_11  et_pb_text_align_left et_pb_bg_layout_light\">\n\t\t\t\t\n\t\t\t\t\n\t\t\t\t\n\t\t\t\t\n\t\t\t\t<div class=\"et_pb_text_inner\"><p style=\"text-align: justify;\"><span style=\"color: #000000;\">In the heart of the Brazilian Amazon, thousands of people are illegally invading<br \/>protected lands, devastating centuries-old forests for resources and quick profits. Now, with the health of the entire Amazon in jeopardy, will Brazil and the world take notice?<br \/><\/span><\/p>\n<p style=\"text-align: justify;\"><span style=\"color: #000000;\"><strong>Indigenous forest guardian Mar\u00e7al Guajajara and activist Puyr Temb\u00e9 are on the front line of this struggle, risking their lives to protect their ancestral lands from the relentless waves of deforestation<\/strong>. On the other hand, Valdir, an illegal logger, is caught up in a desperate struggle to make ends meet and sees no other way but to continue cutting down the forest. Through a raw and personal web of voices, <em>We Are Guardians<\/em> offers an intimate look into the lives of those closest to the Amazon, and unravels the layers of this critical situation to reveal a story that ultimately concerns us all.<\/span><span style=\"color: #000000;\"><\/span><\/p><\/div>\n\t\t\t<\/div>\n\t\t\t<\/div>\n\t\t\t\t\n\t\t\t\t\n\t\t\t\t\n\t\t\t\t\n\t\t\t<\/div><div class=\"et_d4_element et_pb_row et_pb_row_13  et_pb_css_mix_blend_mode et_block_row\">\n\t\t\t\t<div class=\"et_d4_element et_pb_column_4_4 et_pb_column et_pb_column_20  et_pb_css_mix_blend_mode et-last-child et_block_column\">\n\t\t\t\t\n\t\t\t\t\n\t\t\t\t\n\t\t\t\t\n\t\t\t\t<div class=\"et_pb_module et_d4_element et_pb_text et_pb_text_12  et_pb_text_align_left et_pb_bg_layout_light\">\n\t\t\t\t\n\t\t\t\t\n\t\t\t\t\n\t\t\t\t\n\t\t\t\t<div class=\"et_pb_text_inner\"><p style=\"text-align: justify;\"><span style=\"color: #000000;\">Directed by indigenous filmmaker Edivan Guajajara and environmental filmmakers Chelsea Greene and Rob Grobman, <em>We are Guardians<\/em> was produced by Leonardo DiCaprio. <strong>The film will be announced by our sponsor Gilles De Maistre.<\/strong><\/span><\/p><\/div>\n\t\t\t<\/div>\n\t\t\t<\/div>\n\t\t\t\t\n\t\t\t\t\n\t\t\t\t\n\t\t\t\t\n\t\t\t<\/div><div class=\"et_d4_element et_pb_row et_pb_row_14  et_pb_css_mix_blend_mode et_block_row\">\n\t\t\t\t<div class=\"et_d4_element et_pb_column_4_4 et_pb_column et_pb_column_21  et_pb_css_mix_blend_mode et-last-child et_block_column\">\n\t\t\t\t\n\t\t\t\t\n\t\t\t\t\n\t\t\t\t\n\t\t\t\t<div class=\"et_pb_module et_d4_element et_pb_video et_pb_video_0\">\n\t\t\t\t\n\t\t\t\t\n\t\t\t\t\n\t\t\t\t\n\t\t\t\t<div class=\"et_pb_video_box\"><iframe loading=\"lazy\" title=\"We Are Guardians Trailer\" width=\"1080\" height=\"608\" src=\"https:\/\/www.youtube.com\/embed\/fpm-WMiswok?feature=oembed\"  allow=\"accelerometer; autoplay; clipboard-write; encrypted-media; gyroscope; picture-in-picture; web-share\" referrerpolicy=\"strict-origin-when-cross-origin\" allowfullscreen><\/iframe><\/div>\n\t\t\t\t\n\t\t\t<\/div>\n\t\t\t<\/div>\n\t\t\t\t\n\t\t\t\t\n\t\t\t\t\n\t\t\t\t\n\t\t\t<\/div>\n\t\t\t\t\n\t\t\t\t\n\t\t\t<\/div><\/p>\n","protected":false},"excerpt":{"rendered":"","protected":false},"author":6,"featured_media":0,"parent":0,"menu_order":0,"comment_status":"closed","ping_status":"closed","template":"","meta":{"_price":"","_stock":"","_tribe_ticket_header":"","_tribe_default_ticket_provider":"","_tribe_ticket_capacity":"0","_ticket_start_date":"","_ticket_end_date":"","_tribe_ticket_show_description":"","_tribe_ticket_show_not_going":false,"_tribe_ticket_use_global_stock":"","_tribe_ticket_global_stock_level":"","_global_stock_mode":"","_global_stock_cap":"","_tribe_rsvp_for_event":"","_tribe_ticket_going_count":"","_tribe_ticket_not_going_count":"","_tribe_tickets_list":"[]","_tribe_ticket_has_attendee_info_fields":false,"_et_pb_use_builder":"on","_et_pb_old_content":"","_et_gb_content_width":"","footnotes":"","_tec_slr_enabled":"","_tec_slr_layout":""},"class_list":["post-6365","page","type-page","status-publish","hentry"],"yoast_head":"<!-- This site is optimized with the Yoast SEO plugin v27.4 - https:\/\/yoast.com\/product\/yoast-seo-wordpress\/ -->\n<title>Opening ceremony - Fifes - Festival Internation du Film Ecologique et Social<\/title>\n<meta name=\"robots\" content=\"index, follow, max-snippet:-1, max-image-preview:large, max-video-preview:-1\" \/>\n<link rel=\"canonical\" href=\"https:\/\/fifes.org\/ceremonie-douverture\/\" \/>\n<meta property=\"og:locale\" content=\"en_US\" \/>\n<meta property=\"og:type\" content=\"article\" \/>\n<meta property=\"og:title\" content=\"Opening ceremony - Fifes - Festival Internation du Film Ecologique et Social\" \/>\n<meta property=\"og:url\" content=\"https:\/\/fifes.org\/ceremonie-douverture\/\" \/>\n<meta property=\"og:site_name\" content=\"Fifes - Festival Internation du Film Ecologique et Social\" \/>\n<meta property=\"article:publisher\" content=\"https:\/\/www.facebook.com\/fifescannes\" \/>\n<meta property=\"article:modified_time\" content=\"2026-01-14T20:16:15+00:00\" \/>\n<meta name=\"twitter:card\" content=\"summary_large_image\" \/>\n<meta name=\"twitter:label1\" content=\"Est. reading time\" \/>\n\t<meta name=\"twitter:data1\" content=\"11 minutes\" \/>\n<script type=\"application\/ld+json\" class=\"yoast-schema-graph\">{\"@context\":\"https:\\\/\\\/schema.org\",\"@graph\":[{\"@type\":\"WebPage\",\"@id\":\"https:\\\/\\\/fifes.org\\\/ceremonie-douverture\\\/\",\"url\":\"https:\\\/\\\/fifes.org\\\/ceremonie-douverture\\\/\",\"name\":\"Opening ceremony - Fifes - Festival Internation du Film Ecologique et Social\",\"isPartOf\":{\"@id\":\"https:\\\/\\\/fifes.org\\\/#website\"},\"datePublished\":\"2024-04-25T15:35:11+00:00\",\"dateModified\":\"2026-01-14T20:16:15+00:00\",\"breadcrumb\":{\"@id\":\"https:\\\/\\\/fifes.org\\\/ceremonie-douverture\\\/#breadcrumb\"},\"inLanguage\":\"en-US\",\"potentialAction\":[{\"@type\":\"ReadAction\",\"target\":[\"https:\\\/\\\/fifes.org\\\/ceremonie-douverture\\\/\"]}]},{\"@type\":\"BreadcrumbList\",\"@id\":\"https:\\\/\\\/fifes.org\\\/ceremonie-douverture\\\/#breadcrumb\",\"itemListElement\":[{\"@type\":\"ListItem\",\"position\":1,\"name\":\"Accueil\",\"item\":\"https:\\\/\\\/fifes.org\\\/en\\\/\"},{\"@type\":\"ListItem\",\"position\":2,\"name\":\"Opening ceremony\"}]},{\"@type\":\"WebSite\",\"@id\":\"https:\\\/\\\/fifes.org\\\/#website\",\"url\":\"https:\\\/\\\/fifes.org\\\/\",\"name\":\"Fifes - Festival Internation du Film Ecologique et Social\",\"description\":\"Venez \u00e0 la rencontre d\u2019un festival qui vous ressemble et qui nous rassemble !\",\"publisher\":{\"@id\":\"https:\\\/\\\/fifes.org\\\/#organization\"},\"alternateName\":\"F.I.F.E.S.\",\"potentialAction\":[{\"@type\":\"SearchAction\",\"target\":{\"@type\":\"EntryPoint\",\"urlTemplate\":\"https:\\\/\\\/fifes.org\\\/?s={search_term_string}\"},\"query-input\":{\"@type\":\"PropertyValueSpecification\",\"valueRequired\":true,\"valueName\":\"search_term_string\"}}],\"inLanguage\":\"en-US\"},{\"@type\":\"Organization\",\"@id\":\"https:\\\/\\\/fifes.org\\\/#organization\",\"name\":\"Festival International du Film Ecologique et Social\",\"alternateName\":\"F.I.F.E.S.\",\"url\":\"https:\\\/\\\/fifes.org\\\/\",\"logo\":{\"@type\":\"ImageObject\",\"inLanguage\":\"en-US\",\"@id\":\"https:\\\/\\\/fifes.org\\\/#\\\/schema\\\/logo\\\/image\\\/\",\"url\":\"https:\\\/\\\/fifes.org\\\/wp-content\\\/uploads\\\/2022\\\/12\\\/Logo-2023-480px-e1671803170434.png\",\"contentUrl\":\"https:\\\/\\\/fifes.org\\\/wp-content\\\/uploads\\\/2022\\\/12\\\/Logo-2023-480px-e1671803170434.png\",\"width\":200,\"height\":188,\"caption\":\"Festival International du Film Ecologique et Social\"},\"image\":{\"@id\":\"https:\\\/\\\/fifes.org\\\/#\\\/schema\\\/logo\\\/image\\\/\"},\"sameAs\":[\"https:\\\/\\\/www.facebook.com\\\/fifescannes\",\"https:\\\/\\\/www.instagram.com\\\/fifescannes\\\/?hl=fr\"]}]}<\/script>\n<!-- \/ Yoast SEO plugin. -->","yoast_head_json":{"title":"Opening ceremony - Fifes - Festival Internation du Film Ecologique et Social","robots":{"index":"index","follow":"follow","max-snippet":"max-snippet:-1","max-image-preview":"max-image-preview:large","max-video-preview":"max-video-preview:-1"},"canonical":"https:\/\/fifes.org\/ceremonie-douverture\/","og_locale":"en_US","og_type":"article","og_title":"Opening ceremony - Fifes - Festival Internation du Film Ecologique et Social","og_url":"https:\/\/fifes.org\/ceremonie-douverture\/","og_site_name":"Fifes - Festival Internation du Film Ecologique et Social","article_publisher":"https:\/\/www.facebook.com\/fifescannes","article_modified_time":"2026-01-14T20:16:15+00:00","twitter_card":"summary_large_image","twitter_misc":{"Est. reading time":"11 minutes"},"schema":{"@context":"https:\/\/schema.org","@graph":[{"@type":"WebPage","@id":"https:\/\/fifes.org\/ceremonie-douverture\/","url":"https:\/\/fifes.org\/ceremonie-douverture\/","name":"Opening ceremony - Fifes - Festival Internation du Film Ecologique et Social","isPartOf":{"@id":"https:\/\/fifes.org\/#website"},"datePublished":"2024-04-25T15:35:11+00:00","dateModified":"2026-01-14T20:16:15+00:00","breadcrumb":{"@id":"https:\/\/fifes.org\/ceremonie-douverture\/#breadcrumb"},"inLanguage":"en-US","potentialAction":[{"@type":"ReadAction","target":["https:\/\/fifes.org\/ceremonie-douverture\/"]}]},{"@type":"BreadcrumbList","@id":"https:\/\/fifes.org\/ceremonie-douverture\/#breadcrumb","itemListElement":[{"@type":"ListItem","position":1,"name":"Accueil","item":"https:\/\/fifes.org\/en\/"},{"@type":"ListItem","position":2,"name":"Opening ceremony"}]},{"@type":"WebSite","@id":"https:\/\/fifes.org\/#website","url":"https:\/\/fifes.org\/","name":"Fifes - Festival Internation du Film Ecologique et Social","description":"Venez \u00e0 la rencontre d\u2019un festival qui vous ressemble et qui nous rassemble !","publisher":{"@id":"https:\/\/fifes.org\/#organization"},"alternateName":"F.I.F.E.S.","potentialAction":[{"@type":"SearchAction","target":{"@type":"EntryPoint","urlTemplate":"https:\/\/fifes.org\/?s={search_term_string}"},"query-input":{"@type":"PropertyValueSpecification","valueRequired":true,"valueName":"search_term_string"}}],"inLanguage":"en-US"},{"@type":"Organization","@id":"https:\/\/fifes.org\/#organization","name":"Festival International du Film Ecologique et Social","alternateName":"F.I.F.E.S.","url":"https:\/\/fifes.org\/","logo":{"@type":"ImageObject","inLanguage":"en-US","@id":"https:\/\/fifes.org\/#\/schema\/logo\/image\/","url":"https:\/\/fifes.org\/wp-content\/uploads\/2022\/12\/Logo-2023-480px-e1671803170434.png","contentUrl":"https:\/\/fifes.org\/wp-content\/uploads\/2022\/12\/Logo-2023-480px-e1671803170434.png","width":200,"height":188,"caption":"Festival International du Film Ecologique et Social"},"image":{"@id":"https:\/\/fifes.org\/#\/schema\/logo\/image\/"},"sameAs":["https:\/\/www.facebook.com\/fifescannes","https:\/\/www.instagram.com\/fifescannes\/?hl=fr"]}]}},"ticketed":false,"_links":{"self":[{"href":"https:\/\/fifes.org\/en\/wp-json\/wp\/v2\/pages\/6365","targetHints":{"allow":["GET"]}}],"collection":[{"href":"https:\/\/fifes.org\/en\/wp-json\/wp\/v2\/pages"}],"about":[{"href":"https:\/\/fifes.org\/en\/wp-json\/wp\/v2\/types\/page"}],"author":[{"embeddable":true,"href":"https:\/\/fifes.org\/en\/wp-json\/wp\/v2\/users\/6"}],"replies":[{"embeddable":true,"href":"https:\/\/fifes.org\/en\/wp-json\/wp\/v2\/comments?post=6365"}],"version-history":[{"count":13,"href":"https:\/\/fifes.org\/en\/wp-json\/wp\/v2\/pages\/6365\/revisions"}],"predecessor-version":[{"id":11954,"href":"https:\/\/fifes.org\/en\/wp-json\/wp\/v2\/pages\/6365\/revisions\/11954"}],"wp:attachment":[{"href":"https:\/\/fifes.org\/en\/wp-json\/wp\/v2\/media?parent=6365"}],"curies":[{"name":"wp","href":"https:\/\/api.w.org\/{rel}","templated":true}]}}