{"id":6344,"date":"2024-04-26T21:36:56","date_gmt":"2024-04-26T19:36:56","guid":{"rendered":"https:\/\/fifes.org\/youth-jury\/"},"modified":"2025-05-14T19:35:17","modified_gmt":"2025-05-14T17:35:17","slug":"youth-jury","status":"publish","type":"page","link":"https:\/\/fifes.org\/en\/youth-competition\/youth-jury\/","title":{"rendered":"Youth Jury"},"content":{"rendered":"<p><div class=\"et_d4_element et_pb_section et_pb_section_0 et_pb_with_background  et_pb_css_mix_blend_mode et_section_regular section_has_divider et_pb_bottom_divider et_block_section\" >\n\t\t\t\t\n\t\t\t\t\n\t\t\t\t\n\t\t\t\t\n\t\t\t\t\n\t\t\t\t\n\t\t\t\t<div class=\"et_d4_element et_pb_row et_pb_row_0  et_pb_css_mix_blend_mode et_block_row\">\n\t\t\t\t<div class=\"et_d4_element et_pb_column_4_4 et_pb_column et_pb_column_0  et_pb_css_mix_blend_mode et-last-child et_block_column\">\n\t\t\t\t\n\t\t\t\t\n\t\t\t\t\n\t\t\t\t\n\t\t\t\t<div class=\"et_pb_module et_d4_element et_pb_text et_pb_text_0  et_pb_text_align_left et_pb_bg_layout_light\">\n\t\t\t\t\n\t\t\t\t\n\t\t\t\t\n\t\t\t\t\n\t\t\t\t<div class=\"et_pb_text_inner\"><h1 style=\"text-align: center;\"><span style=\"color: #000000;\"><strong>Youth Jury<\/strong><\/span><span style=\"color: #000000;\"><strong><span class=\"OYPEnA text-decoration-none text-strikethrough-none\" style=\"font-weight: bold; font-style: normal;\"><\/span><\/strong><\/span><\/h1><\/div>\n\t\t\t<\/div>\n\t\t\t<\/div>\n\t\t\t\t\n\t\t\t\t\n\t\t\t\t\n\t\t\t\t\n\t\t\t<\/div>\n\t\t\t\t\n\t\t\t\t<div class=\"et_pb_bottom_inside_divider et-no-transition\"><\/div>\n\t\t\t<\/div><div class=\"et_d4_element et_pb_section et_pb_section_1 et_pb_with_background  et_pb_css_mix_blend_mode et_section_regular et_block_section\" >\n\t\t\t\t\n\t\t\t\t\n\t\t\t\t\n\t\t\t\t\n\t\t\t\t\n\t\t\t\t\n\t\t\t\t<div class=\"et_d4_element et_pb_row et_pb_row_1  et_pb_css_mix_blend_mode et_block_row\">\n\t\t\t\t<div class=\"et_d4_element et_pb_column_2_5 et_pb_column et_pb_column_1  et_pb_css_mix_blend_mode et_block_column\">\n\t\t\t\t\n\t\t\t\t\n\t\t\t\t\n\t\t\t\t\n\t\t\t\t<div class=\"et_pb_module et_d4_element et_pb_image et_pb_image_0 et_pb_image_sticky\">\n\t\t\t\t\n\t\t\t\t\n\t\t\t\t\n\t\t\t\t\n\t\t\t\t<span class=\"et_pb_image_wrap \"><img loading=\"lazy\" decoding=\"async\" width=\"300\" height=\"300\" src=\"\/wp-content\/uploads\/2025\/01\/Gilles-de-Maistre.png\" alt=\"\" title=\"Gilles de Maistre\" srcset=\"https:\/\/fifes.org\/wp-content\/uploads\/2025\/01\/Gilles-de-Maistre.png 300w, https:\/\/fifes.org\/wp-content\/uploads\/2025\/01\/Gilles-de-Maistre-100x100.png 100w, https:\/\/fifes.org\/wp-content\/uploads\/2025\/01\/Gilles-de-Maistre-150x150.png 150w\" sizes=\"(max-width: 300px) 100vw, 300px\" class=\"wp-image-7899\" \/><\/span>\n\t\t\t<\/div>\n\t\t\t<\/div><div class=\"et_d4_element et_pb_column_3_5 et_pb_column et_pb_column_2  et_pb_css_mix_blend_mode et-last-child et_block_column\">\n\t\t\t\t\n\t\t\t\t\n\t\t\t\t\n\t\t\t\t\n\t\t\t\t<div class=\"et_pb_module et_d4_element et_pb_text et_pb_text_1  et_pb_text_align_left et_pb_bg_layout_light\">\n\t\t\t\t\n\t\t\t\t\n\t\t\t\t\n\t\t\t\t\n\t\t\t\t<div class=\"et_pb_text_inner\"><h2 style=\"text-align: center;\"><span style=\"color: #ffffff;\"><strong>Gilles de Maistre<br \/>\n<span style=\"color: #000000;\">Chairman<\/span><\/strong><\/span><strong><\/strong><span style=\"color: #000000;\"><strong><\/strong><\/span><\/h2><\/div>\n\t\t\t<\/div><div class=\"et_pb_module et_d4_element et_pb_text et_pb_text_2  et_pb_text_align_left et_pb_bg_layout_light\">\n\t\t\t\t\n\t\t\t\t\n\t\t\t\t\n\t\t\t\t\n\t\t\t\t<div class=\"et_pb_text_inner\"><p style=\"text-align: justify;\"><span style=\"color: #000000;\">Gilles de Maistre, filmmaker, producer and journalist, born in 1960, is an emblematic figure of socially-aware cinema. His early career in journalism after his studies in philosophy led him to produce harrowing reports on humanitarian crises across the<br \/>world, earning him early recognition with the Albert-<br \/>London Award in 1990 for his documentary J'ai 12 ans et je fais la guerre. The creation of Tetra Media in 1990, followed by Mai Juin Productions in 2004, marked the beginning of his foray into documentary and film production, combining artistic sensibility with social commitment. Among her most famous works, Mia et le Lion Blanc (2018) stands out for its international reach and its message in favor of animal protection. This follows on from projects such as Le Loup et le Lion (2021) and the much-anticipated Le Dernier Jaguar (2024), which tackle crucial ecological themes such as deforestation and animal trafficking. In parallel, de Maistre explores new narratives with Moon the Panda, co-produced with Gaumont, promising a new cinematic adventure that combines awareness and entertainment.<\/span><\/p><\/div>\n\t\t\t<\/div>\n\t\t\t<\/div>\n\t\t\t\t\n\t\t\t\t\n\t\t\t\t\n\t\t\t\t\n\t\t\t<\/div>\n\t\t\t\t\n\t\t\t\t\n\t\t\t<\/div><div class=\"et_d4_element et_pb_section et_pb_section_2 et_pb_with_background  et_pb_css_mix_blend_mode et_section_regular section_has_divider et_pb_bottom_divider et_pb_top_divider et_block_section\" >\n\t\t\t\t<div class=\"et_pb_top_inside_divider et-no-transition\"><\/div>\n\t\t\t\t\n\t\t\t\t\n\t\t\t\t\n\t\t\t\t\n\t\t\t\t\n\t\t\t\t<div class=\"et_d4_element et_pb_row et_pb_row_2  et_pb_css_mix_blend_mode et_block_row\">\n\t\t\t\t<div class=\"et_d4_element et_pb_column_2_5 et_pb_column et_pb_column_3  et_pb_css_mix_blend_mode et_block_column\">\n\t\t\t\t\n\t\t\t\t\n\t\t\t\t\n\t\t\t\t\n\t\t\t\t<div class=\"et_pb_module et_d4_element et_pb_image et_pb_image_1\">\n\t\t\t\t\n\t\t\t\t\n\t\t\t\t\n\t\t\t\t\n\t\t\t\t<span class=\"et_pb_image_wrap \"><img loading=\"lazy\" decoding=\"async\" width=\"900\" height=\"900\" src=\"\/wp-content\/uploads\/2024\/04\/channels4_profile.jpg\" alt=\"\" title=\"channels4_profile\" srcset=\"https:\/\/fifes.org\/wp-content\/uploads\/2024\/04\/channels4_profile.jpg 900w, https:\/\/fifes.org\/wp-content\/uploads\/2024\/04\/channels4_profile-480x480.jpg 480w\" sizes=\"(min-width: 0px) and (max-width: 480px) 480px, (min-width: 481px) 900px, 100vw\" class=\"wp-image-6111\" \/><\/span>\n\t\t\t<\/div>\n\t\t\t<\/div><div class=\"et_d4_element et_pb_column_3_5 et_pb_column et_pb_column_4  et_pb_css_mix_blend_mode et-last-child et_block_column\">\n\t\t\t\t\n\t\t\t\t\n\t\t\t\t\n\t\t\t\t\n\t\t\t\t<div class=\"et_pb_module et_d4_element et_pb_text et_pb_text_3  et_pb_text_align_left et_pb_bg_layout_light\">\n\t\t\t\t\n\t\t\t\t\n\t\t\t\t\n\t\t\t\t\n\t\t\t\t<div class=\"et_pb_text_inner\"><h2 style=\"text-align: center;\"><span style=\"color: #ffffff;\"><strong><span style=\"color: #000000;\">Margaux Moreno<\/span><br \/><span style=\"color: #000000;\"> <\/span><\/strong><\/span><\/h2><\/div>\n\t\t\t<\/div><div class=\"et_pb_module et_d4_element et_pb_text et_pb_text_4  et_pb_text_align_left et_pb_bg_layout_light\">\n\t\t\t\t\n\t\t\t\t\n\t\t\t\t\n\t\t\t\t\n\t\t\t\t<div class=\"et_pb_text_inner\"><p style=\"text-align: justify;\"><span style=\"color: #000000;\">With a degree in Marketing and Communication, Margaux Moreno has had a passion for computers and video editing since childhood, a passion which today takes concrete form in the creation of promotional films for Cannes town hall, more<br \/>\nprecisely at the Facult\u00e9 des M\u00e9tiers. Margaux is also involved in the transcription of Braille books, and has had a passion for<br \/>\nBraille since she was 14.  Involved in various associations, she works for inclusion and disability awareness, notably through Osons la diff\u00e9rence, the Festival Entr'2 Marche, and other inclusive initiatives such as Happy Hand &amp; Le ch\u00e2teau des Salles, the Herv\u00e9 Gourdel Association, and the Toques Blanches. Margaux is also a volunteer at the Ren\u00e9 Labreuille center, dedicated to people with disabilities, where she organizes a variety of activities. Her career illustrates a sustained commitment to solidarity and social inclusion.<\/div>\n\t\t\t<\/div>\n\t\t\t<\/div>\n\t\t\t\t\n\t\t\t\t\n\t\t\t\t\n\t\t\t\t\n\t\t\t<\/div>\n\t\t\t\t\n\t\t\t\t\n\t\t\t<\/div><div class=\"et_d4_element et_pb_section et_pb_section_3 et_pb_with_background  et_pb_css_mix_blend_mode et_section_regular section_has_divider et_pb_bottom_divider et_pb_top_divider et_block_section\" >\n\t\t\t\t<div class=\"et_pb_top_inside_divider et-no-transition\"><\/div>\n\t\t\t\t\n\t\t\t\t\n\t\t\t\t\n\t\t\t\t\n\t\t\t\t\n\t\t\t\t<div class=\"et_d4_element et_pb_row et_pb_row_3  et_pb_css_mix_blend_mode et_block_row\">\n\t\t\t\t<div class=\"et_d4_element et_pb_column_2_5 et_pb_column et_pb_column_5  et_pb_css_mix_blend_mode et_block_column\">\n\t\t\t\t\n\t\t\t\t\n\t\t\t\t\n\t\t\t\t\n\t\t\t\t<div class=\"et_pb_module et_d4_element et_pb_image et_pb_image_2\">\n\t\t\t\t\n\t\t\t\t\n\t\t\t\t\n\t\t\t\t\n\t\t\t\t<span class=\"et_pb_image_wrap \"><img loading=\"lazy\" decoding=\"async\" width=\"800\" height=\"800\" src=\"\/wp-content\/uploads\/2024\/04\/theo_morance_-_Recherche_Google-2.jpg\" alt=\"\" title=\"Th\u00e9o Moranc\u00e9 square photo\" srcset=\"https:\/\/fifes.org\/wp-content\/uploads\/2024\/04\/theo_morance_-_Recherche_Google-2.jpg 800w, https:\/\/fifes.org\/wp-content\/uploads\/2024\/04\/theo_morance_-_Recherche_Google-2-480x480.jpg 480w\" sizes=\"(min-width: 0px) and (max-width: 480px) 480px, (min-width: 481px) 800px, 100vw\" class=\"wp-image-6208\" \/><\/span>\n\t\t\t<\/div>\n\t\t\t<\/div><div class=\"et_d4_element et_pb_column_3_5 et_pb_column et_pb_column_6  et_pb_css_mix_blend_mode et-last-child et_block_column\">\n\t\t\t\t\n\t\t\t\t\n\t\t\t\t\n\t\t\t\t\n\t\t\t\t<div class=\"et_pb_module et_d4_element et_pb_text et_pb_text_5  et_pb_text_align_left et_pb_bg_layout_light\">\n\t\t\t\t\n\t\t\t\t\n\t\t\t\t\n\t\t\t\t\n\t\t\t\t<div class=\"et_pb_text_inner\"><h2 style=\"text-align: center;\"><span style=\"color: #ffffff;\"><strong>  Th\u00e9o Moranc\u00e9<br \/>\n<\/strong><\/span><span style=\"color: #000000;\"><strong><\/div>\n\t\t\t<\/div><div class=\"et_pb_module et_d4_element et_pb_text et_pb_text_6  et_pb_text_align_left et_pb_bg_layout_light\">\n\t\t\t\t\n\t\t\t\t\n\t\t\t\t\n\t\t\t\t\n\t\t\t\t<div class=\"et_pb_text_inner\"><p><span style=\"color: #000000;\"><span class=\"OYPEnA text-decoration-none text-strikethrough-none\">Th\u00e9o Moranc\u00e9 is a promising 18-year-old director, already recognized in the film world for his talent and creativity. Since the beginning of the year, Th\u00e9o has made three short films, each demonstrating his ability to capture captivating and moving stories. His talent has not gone unnoticed, as one of his films was screened at the prestigious CanneS\u00e9ries festival, an event that celebrates new voices and visions in the film industry. In addition to his passion for filmmaking, Th\u00e9o is actively involved in promoting cinema in his community. He is an ambassador for the      <\/span><span class=\"OYPEnA text-decoration-none text-strikethrough-none\">Cin\u00e9planet d'Antibes<\/span><span class=\"OYPEnA text-decoration-none text-strikethrough-none\">where he works to raise public awareness, especially among young people, of the importance and beauty of cinema.<\/span><\/span><\/p><\/div>\n\t\t\t<\/div>\n\t\t\t<\/div>\n\t\t\t\t\n\t\t\t\t\n\t\t\t\t\n\t\t\t\t\n\t\t\t<\/div>\n\t\t\t\t\n\t\t\t\t\n\t\t\t<\/div><div class=\"et_d4_element et_pb_section et_pb_section_4 et_pb_with_background  et_pb_css_mix_blend_mode et_section_regular section_has_divider et_pb_bottom_divider et_pb_top_divider et_block_section\" >\n\t\t\t\t<div class=\"et_pb_top_inside_divider et-no-transition\"><\/div>\n\t\t\t\t\n\t\t\t\t\n\t\t\t\t\n\t\t\t\t\n\t\t\t\t\n\t\t\t\t<div class=\"et_d4_element et_pb_row et_pb_row_4  et_pb_css_mix_blend_mode et_block_row\">\n\t\t\t\t<div class=\"et_d4_element et_pb_column_2_5 et_pb_column et_pb_column_7  et_pb_css_mix_blend_mode et_block_column\">\n\t\t\t\t\n\t\t\t\t\n\t\t\t\t\n\t\t\t\t\n\t\t\t\t<div class=\"et_pb_module et_d4_element et_pb_image et_pb_image_3\">\n\t\t\t\t\n\t\t\t\t\n\t\t\t\t\n\t\t\t\t\n\t\t\t\t<span class=\"et_pb_image_wrap \"><img loading=\"lazy\" decoding=\"async\" width=\"2000\" height=\"2000\" src=\"\/wp-content\/uploads\/2024\/05\/Stephanie-Andel.png\" alt=\"\" title=\"Th\u00e9o Moranc\u00e9 square photo\" srcset=\"https:\/\/fifes.org\/wp-content\/uploads\/2024\/05\/Stephanie-Andel.png 2000w, https:\/\/fifes.org\/wp-content\/uploads\/2024\/05\/Stephanie-Andel-500x500.png 500w, https:\/\/fifes.org\/wp-content\/uploads\/2024\/05\/Stephanie-Andel-100x100.png 100w, https:\/\/fifes.org\/wp-content\/uploads\/2024\/05\/Stephanie-Andel-700x700.png 700w, https:\/\/fifes.org\/wp-content\/uploads\/2024\/05\/Stephanie-Andel-300x300.png 300w, https:\/\/fifes.org\/wp-content\/uploads\/2024\/05\/Stephanie-Andel-1024x1024.png 1024w, https:\/\/fifes.org\/wp-content\/uploads\/2024\/05\/Stephanie-Andel-150x150.png 150w, https:\/\/fifes.org\/wp-content\/uploads\/2024\/05\/Stephanie-Andel-768x768.png 768w, https:\/\/fifes.org\/wp-content\/uploads\/2024\/05\/Stephanie-Andel-1536x1536.png 1536w, https:\/\/fifes.org\/wp-content\/uploads\/2024\/05\/Stephanie-Andel-1080x1080.png 1080w\" sizes=\"(max-width: 2000px) 100vw, 2000px\" class=\"wp-image-6599\" \/><\/span>\n\t\t\t<\/div>\n\t\t\t<\/div><div class=\"et_d4_element et_pb_column_3_5 et_pb_column et_pb_column_8  et_pb_css_mix_blend_mode et-last-child et_block_column\">\n\t\t\t\t\n\t\t\t\t\n\t\t\t\t\n\t\t\t\t\n\t\t\t\t<div class=\"et_pb_module et_d4_element et_pb_text et_pb_text_7  et_pb_text_align_left et_pb_bg_layout_light\">\n\t\t\t\t\n\t\t\t\t\n\t\t\t\t\n\t\t\t\t\n\t\t\t\t<div class=\"et_pb_text_inner\"><h2 style=\"text-align: center;\"><span style=\"color: #ffffff;\"><strong><span style=\"color: #000000;\">St\u00e9phanie Andel<\/span><br \/><span style=\"color: #000000;\"> <\/span><\/strong><\/span><\/h2><\/div>\n\t\t\t<\/div><div class=\"et_pb_module et_d4_element et_pb_text et_pb_text_8  et_pb_text_align_left et_pb_bg_layout_light\">\n\t\t\t\t\n\t\t\t\t\n\t\t\t\t\n\t\t\t\t\n\t\t\t\t<div class=\"et_pb_text_inner\"><p style=\"text-align: justify;\"><span style=\"font-weight: 400; color: #000000;\">I'm a senior at the Lyc\u00e9e Carnot in Cannes and I'm passionate about art. Thanks to my choice of the Histoire des Arts specialization, I've had the opportunity to acquire greater knowledge in the cultural and artistic field, as well as to collaborate with well-known artists, such as when I created a writing workshop for author Christelle Dabos. I'm also a member of the school's board of directors, representing the eco-delegates. As such, I'm in charge of reporting on the eco-responsibility awareness campaigns organized by the school among students, as well as informing them about the various collections donated to various associations. My aim is to encourage my fellow students to get involved in the environmental cause.    <\/span><\/p><\/div>\n\t\t\t<\/div>\n\t\t\t<\/div>\n\t\t\t\t\n\t\t\t\t\n\t\t\t\t\n\t\t\t\t\n\t\t\t<\/div><div class=\"et_d4_element et_pb_row et_pb_row_5  et_pb_css_mix_blend_mode et_block_row\">\n\t\t\t\t<div class=\"et_d4_element et_pb_column_2_5 et_pb_column et_pb_column_9  et_pb_css_mix_blend_mode et_block_column\">\n\t\t\t\t\n\t\t\t\t\n\t\t\t\t\n\t\t\t\t\n\t\t\t\t<div class=\"et_pb_module et_d4_element et_pb_image et_pb_image_4\">\n\t\t\t\t\n\t\t\t\t\n\t\t\t\t\n\t\t\t\t\n\t\t\t\t<span class=\"et_pb_image_wrap \"><img loading=\"lazy\" decoding=\"async\" width=\"2000\" height=\"2000\" src=\"\/wp-content\/uploads\/2024\/05\/photo-yann-urbon.png\" alt=\"\" title=\"photo yann urbon\" srcset=\"https:\/\/fifes.org\/wp-content\/uploads\/2024\/05\/photo-yann-urbon.png 2000w, https:\/\/fifes.org\/wp-content\/uploads\/2024\/05\/photo-yann-urbon-1280x1280.png 1280w, https:\/\/fifes.org\/wp-content\/uploads\/2024\/05\/photo-yann-urbon-980x980.png 980w, https:\/\/fifes.org\/wp-content\/uploads\/2024\/05\/photo-yann-urbon-480x480.png 480w\" sizes=\"(min-width: 0px) and (max-width: 480px) 480px, (min-width: 481px) and (max-width: 980px) 980px, (min-width: 981px) and (max-width: 1280px) 1280px, (min-width: 1281px) 2000px, 100vw\" class=\"wp-image-6691\" \/><\/span>\n\t\t\t<\/div>\n\t\t\t<\/div><div class=\"et_d4_element et_pb_column_3_5 et_pb_column et_pb_column_10  et_pb_css_mix_blend_mode et-last-child et_block_column\">\n\t\t\t\t\n\t\t\t\t\n\t\t\t\t\n\t\t\t\t\n\t\t\t\t<div class=\"et_pb_module et_d4_element et_pb_text et_pb_text_9  et_pb_text_align_left et_pb_bg_layout_light\">\n\t\t\t\t\n\t\t\t\t\n\t\t\t\t\n\t\t\t\t\n\t\t\t\t<div class=\"et_pb_text_inner\"><h2 style=\"text-align: center;\"><span style=\"color: #ffffff;\"><strong>Yann Urbon<span style=\"color: #000000;\"><\/span><\/strong><\/span><\/h2><\/div>\n\t\t\t<\/div><div class=\"et_pb_module et_d4_element et_pb_text et_pb_text_10  et_pb_text_align_left et_pb_bg_layout_light\">\n\t\t\t\t\n\t\t\t\t\n\t\t\t\t\n\t\t\t\t\n\t\t\t\t<div class=\"et_pb_text_inner\"><p style=\"text-align: justify;\"><span style=\"color: #000000;\"><span style=\"font-weight: 400;\">\"Sublimating reality to accompany individual and collective transformations.\"  <\/span><span style=\"font-weight: 400;\">If there were only one to choose from, it would be his main mission.  <\/span><span style=\"font-weight: 400;\"><br \/><\/span><span style=\"font-weight: 400;\">Yann URBON is a committed agent of change, passionate about exploring the mind and creating impactful projects. Driven by the desire and need to act, he is behind several high school initiatives. To make young people's messages and commitments heard, he joined G\u00e9n\u00e9ration d'Avenir, a think-tank that has taken him to the European Parliament and the French National Assembly. He is also involved with Youth for Climate, Alternatiba and the Colibris movement. Yann now concentrates most of his activity in his Hypnosis practice based near Paris, where he is nicknamed the Consciousness Hacker. He has befriended FIFES and its founders for the vision and values they share. Founder of [Hypnoscopia], he sets the tone by wanting to \"Change stories to change History.\"      <\/span><\/span><\/p><\/div>\n\t\t\t<\/div>\n\t\t\t<\/div>\n\t\t\t\t\n\t\t\t\t\n\t\t\t\t\n\t\t\t\t\n\t\t\t<\/div>\n\t\t\t\t\n\t\t\t\t\n\t\t\t<\/div><\/p>\n","protected":false},"excerpt":{"rendered":"","protected":false},"author":9,"featured_media":0,"parent":6465,"menu_order":0,"comment_status":"closed","ping_status":"closed","template":"","meta":{"_price":"","_stock":"","_tribe_ticket_header":"","_tribe_default_ticket_provider":"","_tribe_ticket_capacity":"0","_ticket_start_date":"","_ticket_end_date":"","_tribe_ticket_show_description":"","_tribe_ticket_show_not_going":false,"_tribe_ticket_use_global_stock":"","_tribe_ticket_global_stock_level":"","_global_stock_mode":"","_global_stock_cap":"","_tribe_rsvp_for_event":"","_tribe_ticket_going_count":"","_tribe_ticket_not_going_count":"","_tribe_tickets_list":"[]","_tribe_ticket_has_attendee_info_fields":false,"_et_pb_use_builder":"on","_et_pb_old_content":"","_et_gb_content_width":"","footnotes":"","_tec_slr_enabled":"","_tec_slr_layout":""},"class_list":["post-6344","page","type-page","status-publish","hentry"],"yoast_head":"<!-- This site is optimized with the Yoast SEO plugin v27.4 - https:\/\/yoast.com\/product\/yoast-seo-wordpress\/ -->\n<title>Youth Jury - Fifes - Festival Internation du Film Ecologique et Social<\/title>\n<meta name=\"robots\" content=\"index, follow, max-snippet:-1, max-image-preview:large, max-video-preview:-1\" \/>\n<link rel=\"canonical\" href=\"https:\/\/fifes.org\/competition-jeunesse\/jury-jeunesse\/\" \/>\n<meta property=\"og:locale\" content=\"en_US\" \/>\n<meta property=\"og:type\" content=\"article\" \/>\n<meta property=\"og:title\" content=\"Youth Jury - Fifes - Festival Internation du Film Ecologique et Social\" \/>\n<meta property=\"og:url\" content=\"https:\/\/fifes.org\/competition-jeunesse\/jury-jeunesse\/\" \/>\n<meta property=\"og:site_name\" content=\"Fifes - Festival Internation du Film Ecologique et Social\" \/>\n<meta property=\"article:publisher\" content=\"https:\/\/www.facebook.com\/fifescannes\" \/>\n<meta property=\"article:modified_time\" content=\"2025-05-14T17:35:17+00:00\" \/>\n<meta name=\"twitter:card\" content=\"summary_large_image\" \/>\n<meta name=\"twitter:label1\" content=\"Est. reading time\" \/>\n\t<meta name=\"twitter:data1\" content=\"8 minutes\" \/>\n<script type=\"application\/ld+json\" class=\"yoast-schema-graph\">{\"@context\":\"https:\\\/\\\/schema.org\",\"@graph\":[{\"@type\":\"WebPage\",\"@id\":\"https:\\\/\\\/fifes.org\\\/competition-jeunesse\\\/jury-jeunesse\\\/\",\"url\":\"https:\\\/\\\/fifes.org\\\/competition-jeunesse\\\/jury-jeunesse\\\/\",\"name\":\"Youth Jury - Fifes - Festival Internation du Film Ecologique et Social\",\"isPartOf\":{\"@id\":\"https:\\\/\\\/fifes.org\\\/#website\"},\"datePublished\":\"2024-04-26T19:36:56+00:00\",\"dateModified\":\"2025-05-14T17:35:17+00:00\",\"breadcrumb\":{\"@id\":\"https:\\\/\\\/fifes.org\\\/competition-jeunesse\\\/jury-jeunesse\\\/#breadcrumb\"},\"inLanguage\":\"en-US\",\"potentialAction\":[{\"@type\":\"ReadAction\",\"target\":[\"https:\\\/\\\/fifes.org\\\/competition-jeunesse\\\/jury-jeunesse\\\/\"]}]},{\"@type\":\"BreadcrumbList\",\"@id\":\"https:\\\/\\\/fifes.org\\\/competition-jeunesse\\\/jury-jeunesse\\\/#breadcrumb\",\"itemListElement\":[{\"@type\":\"ListItem\",\"position\":1,\"name\":\"Accueil\",\"item\":\"https:\\\/\\\/fifes.org\\\/en\\\/\"},{\"@type\":\"ListItem\",\"position\":2,\"name\":\"Youth competition\",\"item\":\"https:\\\/\\\/fifes.org\\\/competition-jeunesse\\\/\"},{\"@type\":\"ListItem\",\"position\":3,\"name\":\"Youth Jury\"}]},{\"@type\":\"WebSite\",\"@id\":\"https:\\\/\\\/fifes.org\\\/#website\",\"url\":\"https:\\\/\\\/fifes.org\\\/\",\"name\":\"Fifes - Festival Internation du Film Ecologique et Social\",\"description\":\"Venez \u00e0 la rencontre d\u2019un festival qui vous ressemble et qui nous rassemble !\",\"publisher\":{\"@id\":\"https:\\\/\\\/fifes.org\\\/#organization\"},\"alternateName\":\"F.I.F.E.S.\",\"potentialAction\":[{\"@type\":\"SearchAction\",\"target\":{\"@type\":\"EntryPoint\",\"urlTemplate\":\"https:\\\/\\\/fifes.org\\\/?s={search_term_string}\"},\"query-input\":{\"@type\":\"PropertyValueSpecification\",\"valueRequired\":true,\"valueName\":\"search_term_string\"}}],\"inLanguage\":\"en-US\"},{\"@type\":\"Organization\",\"@id\":\"https:\\\/\\\/fifes.org\\\/#organization\",\"name\":\"Festival International du Film Ecologique et Social\",\"alternateName\":\"F.I.F.E.S.\",\"url\":\"https:\\\/\\\/fifes.org\\\/\",\"logo\":{\"@type\":\"ImageObject\",\"inLanguage\":\"en-US\",\"@id\":\"https:\\\/\\\/fifes.org\\\/#\\\/schema\\\/logo\\\/image\\\/\",\"url\":\"https:\\\/\\\/fifes.org\\\/wp-content\\\/uploads\\\/2022\\\/12\\\/Logo-2023-480px-e1671803170434.png\",\"contentUrl\":\"https:\\\/\\\/fifes.org\\\/wp-content\\\/uploads\\\/2022\\\/12\\\/Logo-2023-480px-e1671803170434.png\",\"width\":200,\"height\":188,\"caption\":\"Festival International du Film Ecologique et Social\"},\"image\":{\"@id\":\"https:\\\/\\\/fifes.org\\\/#\\\/schema\\\/logo\\\/image\\\/\"},\"sameAs\":[\"https:\\\/\\\/www.facebook.com\\\/fifescannes\",\"https:\\\/\\\/www.instagram.com\\\/fifescannes\\\/?hl=fr\"]}]}<\/script>\n<!-- \/ Yoast SEO plugin. -->","yoast_head_json":{"title":"Youth Jury - Fifes - Festival Internation du Film Ecologique et Social","robots":{"index":"index","follow":"follow","max-snippet":"max-snippet:-1","max-image-preview":"max-image-preview:large","max-video-preview":"max-video-preview:-1"},"canonical":"https:\/\/fifes.org\/competition-jeunesse\/jury-jeunesse\/","og_locale":"en_US","og_type":"article","og_title":"Youth Jury - Fifes - Festival Internation du Film Ecologique et Social","og_url":"https:\/\/fifes.org\/competition-jeunesse\/jury-jeunesse\/","og_site_name":"Fifes - Festival Internation du Film Ecologique et Social","article_publisher":"https:\/\/www.facebook.com\/fifescannes","article_modified_time":"2025-05-14T17:35:17+00:00","twitter_card":"summary_large_image","twitter_misc":{"Est. reading time":"8 minutes"},"schema":{"@context":"https:\/\/schema.org","@graph":[{"@type":"WebPage","@id":"https:\/\/fifes.org\/competition-jeunesse\/jury-jeunesse\/","url":"https:\/\/fifes.org\/competition-jeunesse\/jury-jeunesse\/","name":"Youth Jury - Fifes - Festival Internation du Film Ecologique et Social","isPartOf":{"@id":"https:\/\/fifes.org\/#website"},"datePublished":"2024-04-26T19:36:56+00:00","dateModified":"2025-05-14T17:35:17+00:00","breadcrumb":{"@id":"https:\/\/fifes.org\/competition-jeunesse\/jury-jeunesse\/#breadcrumb"},"inLanguage":"en-US","potentialAction":[{"@type":"ReadAction","target":["https:\/\/fifes.org\/competition-jeunesse\/jury-jeunesse\/"]}]},{"@type":"BreadcrumbList","@id":"https:\/\/fifes.org\/competition-jeunesse\/jury-jeunesse\/#breadcrumb","itemListElement":[{"@type":"ListItem","position":1,"name":"Accueil","item":"https:\/\/fifes.org\/en\/"},{"@type":"ListItem","position":2,"name":"Youth competition","item":"https:\/\/fifes.org\/competition-jeunesse\/"},{"@type":"ListItem","position":3,"name":"Youth Jury"}]},{"@type":"WebSite","@id":"https:\/\/fifes.org\/#website","url":"https:\/\/fifes.org\/","name":"Fifes - Festival Internation du Film Ecologique et Social","description":"Venez \u00e0 la rencontre d\u2019un festival qui vous ressemble et qui nous rassemble !","publisher":{"@id":"https:\/\/fifes.org\/#organization"},"alternateName":"F.I.F.E.S.","potentialAction":[{"@type":"SearchAction","target":{"@type":"EntryPoint","urlTemplate":"https:\/\/fifes.org\/?s={search_term_string}"},"query-input":{"@type":"PropertyValueSpecification","valueRequired":true,"valueName":"search_term_string"}}],"inLanguage":"en-US"},{"@type":"Organization","@id":"https:\/\/fifes.org\/#organization","name":"Festival International du Film Ecologique et Social","alternateName":"F.I.F.E.S.","url":"https:\/\/fifes.org\/","logo":{"@type":"ImageObject","inLanguage":"en-US","@id":"https:\/\/fifes.org\/#\/schema\/logo\/image\/","url":"https:\/\/fifes.org\/wp-content\/uploads\/2022\/12\/Logo-2023-480px-e1671803170434.png","contentUrl":"https:\/\/fifes.org\/wp-content\/uploads\/2022\/12\/Logo-2023-480px-e1671803170434.png","width":200,"height":188,"caption":"Festival International du Film Ecologique et Social"},"image":{"@id":"https:\/\/fifes.org\/#\/schema\/logo\/image\/"},"sameAs":["https:\/\/www.facebook.com\/fifescannes","https:\/\/www.instagram.com\/fifescannes\/?hl=fr"]}]}},"ticketed":false,"_links":{"self":[{"href":"https:\/\/fifes.org\/en\/wp-json\/wp\/v2\/pages\/6344","targetHints":{"allow":["GET"]}}],"collection":[{"href":"https:\/\/fifes.org\/en\/wp-json\/wp\/v2\/pages"}],"about":[{"href":"https:\/\/fifes.org\/en\/wp-json\/wp\/v2\/types\/page"}],"author":[{"embeddable":true,"href":"https:\/\/fifes.org\/en\/wp-json\/wp\/v2\/users\/9"}],"replies":[{"embeddable":true,"href":"https:\/\/fifes.org\/en\/wp-json\/wp\/v2\/comments?post=6344"}],"version-history":[{"count":6,"href":"https:\/\/fifes.org\/en\/wp-json\/wp\/v2\/pages\/6344\/revisions"}],"predecessor-version":[{"id":11289,"href":"https:\/\/fifes.org\/en\/wp-json\/wp\/v2\/pages\/6344\/revisions\/11289"}],"up":[{"embeddable":true,"href":"https:\/\/fifes.org\/en\/wp-json\/wp\/v2\/pages\/6465"}],"wp:attachment":[{"href":"https:\/\/fifes.org\/en\/wp-json\/wp\/v2\/media?parent=6344"}],"curies":[{"name":"wp","href":"https:\/\/api.w.org\/{rel}","templated":true}]}}